{"id":755,"date":"2023-07-28T16:02:28","date_gmt":"2023-07-28T20:02:28","guid":{"rendered":"https:\/\/fiertelitteraire.ca\/?post_type=flp_evenement&#038;p=755"},"modified":"2026-01-24T14:55:44","modified_gmt":"2026-01-24T19:55:44","slug":"grand-effeuillage-litteraire-2022","status":"publish","type":"flp_evenement","link":"https:\/\/www.fiertelitteraire.ca\/en\/edition\/2022\/grand-effeuillage-litteraire-2022\/","title":{"rendered":"Grand effeuillage litt\u00e9raire"},"content":{"rendered":"<p>Dans un espace s\u00e9curitaire, on exp\u00e9rimente la litt\u00e9rature simplement. Elle est mise \u00e0 nu. Des auteurs, autrices et auteurices ainsi des artistes de la sc\u00e8ne se livrent dans toute leur vuln\u00e9rabilit\u00e9, n\u2019ayant que leurs mots pour les couvrir. Leurs corps leur sert de canevas pour exprimer leur art.<\/p>\n\n\n\n<p>Cet \u00e9v\u00e8nement s\u2019inspire des traditions anglosaxonnes du Naked Boys Reading et du Naked Girls Reading, une soir\u00e9e au cours de laquelle les mots se lib\u00e8rent de toutes les contraintes sociales. On y c\u00e9l\u00e8bre la diversit\u00e9 corporelle, la diversit\u00e9 et l\u2019affirmation des genres, la diversit\u00e9 des orientations sexuelles et la diversit\u00e9 des \u00e2ges.<\/p>","protected":false},"template":"","meta":{"_acf_changed":false,"site-sidebar-layout":"default","site-content-layout":"","ast-site-content-layout":"default","site-content-style":"default","site-sidebar-style":"default","ast-global-header-display":"","ast-banner-title-visibility":"","ast-main-header-display":"","ast-hfb-above-header-display":"","ast-hfb-below-header-display":"","ast-hfb-mobile-header-display":"","site-post-title":"","ast-breadcrumbs-content":"","ast-featured-img":"","footer-sml-layout":"","ast-disable-related-posts":"","theme-transparent-header-meta":"","adv-header-id-meta":"","stick-header-meta":"","header-above-stick-meta":"","header-main-stick-meta":"","header-below-stick-meta":"","astra-migrate-meta-layouts":"set","ast-page-background-enabled":"default","ast-page-background-meta":{"desktop":{"background-color":"var(--ast-global-color-4)","background-image":"","background-repeat":"repeat","background-position":"center center","background-size":"auto","background-attachment":"scroll","background-type":"","background-media":"","overlay-type":"","overlay-color":"","overlay-opacity":"","overlay-gradient":""},"tablet":{"background-color":"","background-image":"","background-repeat":"repeat","background-position":"center center","background-size":"auto","background-attachment":"scroll","background-type":"","background-media":"","overlay-type":"","overlay-color":"","overlay-opacity":"","overlay-gradient":""},"mobile":{"background-color":"","background-image":"","background-repeat":"repeat","background-position":"center center","background-size":"auto","background-attachment":"scroll","background-type":"","background-media":"","overlay-type":"","overlay-color":"","overlay-opacity":"","overlay-gradient":""}},"ast-content-background-meta":{"desktop":{"background-color":"var(--ast-global-color-5)","background-image":"","background-repeat":"repeat","background-position":"center center","background-size":"auto","background-attachment":"scroll","background-type":"","background-media":"","overlay-type":"","overlay-color":"","overlay-opacity":"","overlay-gradient":""},"tablet":{"background-color":"var(--ast-global-color-5)","background-image":"","background-repeat":"repeat","background-position":"center center","background-size":"auto","background-attachment":"scroll","background-type":"","background-media":"","overlay-type":"","overlay-color":"","overlay-opacity":"","overlay-gradient":""},"mobile":{"background-color":"var(--ast-global-color-5)","background-image":"","background-repeat":"repeat","background-position":"center center","background-size":"auto","background-attachment":"scroll","background-type":"","background-media":"","overlay-type":"","overlay-color":"","overlay-opacity":"","overlay-gradient":""}},"footnotes":""},"class_list":["post-755","flp_evenement","type-flp_evenement","status-publish","hentry","flp_tax_edition-21"],"acf":[],"yoast_head":"<!-- This site is optimized with the Yoast SEO plugin v27.0 - https:\/\/yoast.com\/product\/yoast-seo-wordpress\/ -->\n<title>Grand effeuillage litt\u00e9raire - Fiert\u00e9 litt\u00e9raire<\/title>\n<meta name=\"robots\" content=\"index, follow, max-snippet:-1, max-image-preview:large, max-video-preview:-1\" \/>\n<link rel=\"canonical\" href=\"https:\/\/www.fiertelitteraire.ca\/en\/edition\/2022\/grand-effeuillage-litteraire\/\" \/>\n<meta property=\"og:locale\" content=\"en_US\" \/>\n<meta property=\"og:type\" content=\"article\" \/>\n<meta property=\"og:title\" content=\"Grand effeuillage litt\u00e9raire - Fiert\u00e9 litt\u00e9raire\" \/>\n<meta property=\"og:description\" content=\"Dans un espace s\u00e9curitaire, on exp\u00e9rimente la litt\u00e9rature simplement. Elle est mise \u00e0 nu. Des auteurs, autrices et auteurices ainsi des artistes de la sc\u00e8ne se livrent dans toute leur vuln\u00e9rabilit\u00e9, n\u2019ayant que leurs mots pour les couvrir. Leurs corps leur sert de canevas pour exprimer leur art. Cet \u00e9v\u00e8nement s\u2019inspire des traditions anglosaxonnes du [&hellip;]\" \/>\n<meta property=\"og:url\" content=\"https:\/\/www.fiertelitteraire.ca\/en\/edition\/2022\/grand-effeuillage-litteraire\/\" \/>\n<meta property=\"og:site_name\" content=\"Fiert\u00e9 litt\u00e9raire\" \/>\n<meta property=\"article:publisher\" content=\"https:\/\/www.facebook.com\/FierteLitteraire\" \/>\n<meta property=\"article:modified_time\" content=\"2026-01-24T19:55:44+00:00\" \/>\n<meta name=\"twitter:card\" content=\"summary_large_image\" \/>\n<script type=\"application\/ld+json\" class=\"yoast-schema-graph\">{\"@context\":\"https:\/\/schema.org\",\"@graph\":[{\"@type\":\"WebPage\",\"@id\":\"https:\/\/www.fiertelitteraire.ca\/edition\/2022\/grand-effeuillage-litteraire\/\",\"url\":\"https:\/\/www.fiertelitteraire.ca\/edition\/2022\/grand-effeuillage-litteraire\/\",\"name\":\"Grand effeuillage litt\u00e9raire - Fiert\u00e9 litt\u00e9raire\",\"isPartOf\":{\"@id\":\"https:\/\/www.fiertelitteraire.ca\/#website\"},\"datePublished\":\"2023-07-28T20:02:28+00:00\",\"dateModified\":\"2026-01-24T19:55:44+00:00\",\"breadcrumb\":{\"@id\":\"https:\/\/www.fiertelitteraire.ca\/edition\/2022\/grand-effeuillage-litteraire\/#breadcrumb\"},\"inLanguage\":\"en-CA\",\"potentialAction\":[{\"@type\":\"ReadAction\",\"target\":[\"https:\/\/www.fiertelitteraire.ca\/edition\/2022\/grand-effeuillage-litteraire\/\"]}]},{\"@type\":\"BreadcrumbList\",\"@id\":\"https:\/\/www.fiertelitteraire.ca\/edition\/2022\/grand-effeuillage-litteraire\/#breadcrumb\",\"itemListElement\":[{\"@type\":\"ListItem\",\"position\":1,\"name\":\"Accueil\",\"item\":\"https:\/\/www.fiertelitteraire.ca\/\"},{\"@type\":\"ListItem\",\"position\":2,\"name\":\"Grand effeuillage litt\u00e9raire\"}]},{\"@type\":\"WebSite\",\"@id\":\"https:\/\/www.fiertelitteraire.ca\/#website\",\"url\":\"https:\/\/www.fiertelitteraire.ca\/\",\"name\":\"Fiert\u00e9 litt\u00e9raire\",\"description\":\"OBNL litt\u00e9raire 2SLGBTQIA francophone\",\"publisher\":{\"@id\":\"https:\/\/www.fiertelitteraire.ca\/#organization\"},\"potentialAction\":[{\"@type\":\"SearchAction\",\"target\":{\"@type\":\"EntryPoint\",\"urlTemplate\":\"https:\/\/www.fiertelitteraire.ca\/?s={search_term_string}\"},\"query-input\":{\"@type\":\"PropertyValueSpecification\",\"valueRequired\":true,\"valueName\":\"search_term_string\"}}],\"inLanguage\":\"en-CA\"},{\"@type\":\"Organization\",\"@id\":\"https:\/\/www.fiertelitteraire.ca\/#organization\",\"name\":\"Fiert\u00e9 Litt\u00e9raire\",\"url\":\"https:\/\/www.fiertelitteraire.ca\/\",\"logo\":{\"@type\":\"ImageObject\",\"inLanguage\":\"en-CA\",\"@id\":\"https:\/\/www.fiertelitteraire.ca\/#\/schema\/logo\/image\/\",\"url\":\"https:\/\/fiertelitteraire.ca\/wp-content\/uploads\/2023\/06\/FIERTE-LIT-logo-BLANC-coul-carre.jpg\",\"contentUrl\":\"https:\/\/fiertelitteraire.ca\/wp-content\/uploads\/2023\/06\/FIERTE-LIT-logo-BLANC-coul-carre.jpg\",\"width\":1300,\"height\":1300,\"caption\":\"Fiert\u00e9 Litt\u00e9raire\"},\"image\":{\"@id\":\"https:\/\/www.fiertelitteraire.ca\/#\/schema\/logo\/image\/\"},\"sameAs\":[\"https:\/\/www.facebook.com\/FierteLitteraire\",\"https:\/\/www.youtube.com\/@fiertelitteraire8239\",\"https:\/\/www.instagram.com\/fiertelitteraire\/\"]}]}<\/script>\n<!-- \/ Yoast SEO plugin. -->","yoast_head_json":{"title":"Grand effeuillage litt\u00e9raire - Fiert\u00e9 litt\u00e9raire","robots":{"index":"index","follow":"follow","max-snippet":"max-snippet:-1","max-image-preview":"max-image-preview:large","max-video-preview":"max-video-preview:-1"},"canonical":"https:\/\/www.fiertelitteraire.ca\/en\/edition\/2022\/grand-effeuillage-litteraire\/","og_locale":"en_US","og_type":"article","og_title":"Grand effeuillage litt\u00e9raire - Fiert\u00e9 litt\u00e9raire","og_description":"Dans un espace s\u00e9curitaire, on exp\u00e9rimente la litt\u00e9rature simplement. Elle est mise \u00e0 nu. Des auteurs, autrices et auteurices ainsi des artistes de la sc\u00e8ne se livrent dans toute leur vuln\u00e9rabilit\u00e9, n\u2019ayant que leurs mots pour les couvrir. Leurs corps leur sert de canevas pour exprimer leur art. Cet \u00e9v\u00e8nement s\u2019inspire des traditions anglosaxonnes du [&hellip;]","og_url":"https:\/\/www.fiertelitteraire.ca\/en\/edition\/2022\/grand-effeuillage-litteraire\/","og_site_name":"Fiert\u00e9 litt\u00e9raire","article_publisher":"https:\/\/www.facebook.com\/FierteLitteraire","article_modified_time":"2026-01-24T19:55:44+00:00","twitter_card":"summary_large_image","schema":{"@context":"https:\/\/schema.org","@graph":[{"@type":"WebPage","@id":"https:\/\/www.fiertelitteraire.ca\/edition\/2022\/grand-effeuillage-litteraire\/","url":"https:\/\/www.fiertelitteraire.ca\/edition\/2022\/grand-effeuillage-litteraire\/","name":"Grand effeuillage litt\u00e9raire - Fiert\u00e9 litt\u00e9raire","isPartOf":{"@id":"https:\/\/www.fiertelitteraire.ca\/#website"},"datePublished":"2023-07-28T20:02:28+00:00","dateModified":"2026-01-24T19:55:44+00:00","breadcrumb":{"@id":"https:\/\/www.fiertelitteraire.ca\/edition\/2022\/grand-effeuillage-litteraire\/#breadcrumb"},"inLanguage":"en-CA","potentialAction":[{"@type":"ReadAction","target":["https:\/\/www.fiertelitteraire.ca\/edition\/2022\/grand-effeuillage-litteraire\/"]}]},{"@type":"BreadcrumbList","@id":"https:\/\/www.fiertelitteraire.ca\/edition\/2022\/grand-effeuillage-litteraire\/#breadcrumb","itemListElement":[{"@type":"ListItem","position":1,"name":"Accueil","item":"https:\/\/www.fiertelitteraire.ca\/"},{"@type":"ListItem","position":2,"name":"Grand effeuillage litt\u00e9raire"}]},{"@type":"WebSite","@id":"https:\/\/www.fiertelitteraire.ca\/#website","url":"https:\/\/www.fiertelitteraire.ca\/","name":"Fiert\u00e9 litt\u00e9raire","description":"OBNL litt\u00e9raire 2SLGBTQIA francophone","publisher":{"@id":"https:\/\/www.fiertelitteraire.ca\/#organization"},"potentialAction":[{"@type":"SearchAction","target":{"@type":"EntryPoint","urlTemplate":"https:\/\/www.fiertelitteraire.ca\/?s={search_term_string}"},"query-input":{"@type":"PropertyValueSpecification","valueRequired":true,"valueName":"search_term_string"}}],"inLanguage":"en-CA"},{"@type":"Organization","@id":"https:\/\/www.fiertelitteraire.ca\/#organization","name":"Fiert\u00e9 Litt\u00e9raire","url":"https:\/\/www.fiertelitteraire.ca\/","logo":{"@type":"ImageObject","inLanguage":"en-CA","@id":"https:\/\/www.fiertelitteraire.ca\/#\/schema\/logo\/image\/","url":"https:\/\/fiertelitteraire.ca\/wp-content\/uploads\/2023\/06\/FIERTE-LIT-logo-BLANC-coul-carre.jpg","contentUrl":"https:\/\/fiertelitteraire.ca\/wp-content\/uploads\/2023\/06\/FIERTE-LIT-logo-BLANC-coul-carre.jpg","width":1300,"height":1300,"caption":"Fiert\u00e9 Litt\u00e9raire"},"image":{"@id":"https:\/\/www.fiertelitteraire.ca\/#\/schema\/logo\/image\/"},"sameAs":["https:\/\/www.facebook.com\/FierteLitteraire","https:\/\/www.youtube.com\/@fiertelitteraire8239","https:\/\/www.instagram.com\/fiertelitteraire\/"]}]}},"_links":{"self":[{"href":"https:\/\/www.fiertelitteraire.ca\/en\/wp-json\/wp\/v2\/flp_evenement\/755","targetHints":{"allow":["GET"]}}],"collection":[{"href":"https:\/\/www.fiertelitteraire.ca\/en\/wp-json\/wp\/v2\/flp_evenement"}],"about":[{"href":"https:\/\/www.fiertelitteraire.ca\/en\/wp-json\/wp\/v2\/types\/flp_evenement"}],"version-history":[{"count":2,"href":"https:\/\/www.fiertelitteraire.ca\/en\/wp-json\/wp\/v2\/flp_evenement\/755\/revisions"}],"predecessor-version":[{"id":3340398,"href":"https:\/\/www.fiertelitteraire.ca\/en\/wp-json\/wp\/v2\/flp_evenement\/755\/revisions\/3340398"}],"wp:attachment":[{"href":"https:\/\/www.fiertelitteraire.ca\/en\/wp-json\/wp\/v2\/media?parent=755"}],"curies":[{"name":"wp","href":"https:\/\/api.w.org\/{rel}","templated":true}]}}