{"id":748,"date":"2023-07-28T15:48:06","date_gmt":"2023-07-28T19:48:06","guid":{"rendered":"https:\/\/fiertelitteraire.ca\/?post_type=flp_evenement&#038;p=748"},"modified":"2026-01-24T14:21:45","modified_gmt":"2026-01-24T19:21:45","slug":"espace-litteraire-bienveillant-2023","status":"publish","type":"flp_evenement","link":"https:\/\/www.fiertelitteraire.ca\/en\/edition\/2023\/espace-litteraire-bienveillant-2023\/","title":{"rendered":"Espace litt\u00e9raire bienveillant"},"content":{"rendered":"<p>Un \u00e9v\u00e9nement \u00ab\u2009safe space\u2009\u00bb pour les auteurs, autrices et autaires qui ne peuvent pas ou ne veulent pas s\u2019afficher pour des raisons qui leur appartiennent. Nous facilitons des rencontres conviviales et s\u00fbres pour ces personnes dans l\u2019espoir qu\u2019un jour, elles soient suffisamment \u00e0 l\u2019aise pour participer \u00e0 nos activit\u00e9s publiques. Quatre rencontres avec quatre animateurs, animatrices et animataires sous forme d\u2019ateliers ou de discussions ou d\u2019\u00e9changes.<\/p>\n\n\n\n<p><strong>Lundi 7 ao\u00fbt 17h \u00e0 18h30<\/strong> : Chris Bergeron qui a \u00e9crit un roman de science-fiction autofictif, Valide, anime cette rencontre qui portera sur l\u2019inspiration qu\u2019on trouve ou qu\u2019on provoque.<\/p>\n\n\n\n<p><strong>Mardi 8 ao\u00fbt 17h \u00e0 18h30<\/strong> : Philippe-Aubert C\u00f4t\u00e9, auteur de plusieurs romans fantastiques, dont son plus r\u00e9cent Le Sculpteur de voeux,&nbsp;va \u00e9galement animer sur la question de l\u2019inspiration.<\/p>\n\n\n\n<p><strong>Mercredi 9 ao\u00fbt 17h \u00e0 18h30<\/strong> : La po\u00e9tesse Catherine Paquet (Madame Full of Shit) va pr\u00e9senter un atelier sous le th\u00e8me : \u00c9crire avec la langue qu\u2019on a dans la bouche<\/p>\n\n\n\n<p><strong>Jeudi 10 ao\u00fbt 17h \u00e0 18h30<\/strong> : La slammeuse Marie-Claude Joannis pr\u00e9sente un atelier sur l\u2019\u00e9criture du slam.<\/p>\n\n\n\n<p>Le tout dans un contexte queer.<br>10 personnes maximum par \u00e9v\u00e9nement.<\/p>","protected":false},"template":"","meta":{"_acf_changed":false,"site-sidebar-layout":"default","site-content-layout":"","ast-site-content-layout":"default","site-content-style":"default","site-sidebar-style":"default","ast-global-header-display":"","ast-banner-title-visibility":"","ast-main-header-display":"","ast-hfb-above-header-display":"","ast-hfb-below-header-display":"","ast-hfb-mobile-header-display":"","site-post-title":"","ast-breadcrumbs-content":"","ast-featured-img":"","footer-sml-layout":"","ast-disable-related-posts":"","theme-transparent-header-meta":"","adv-header-id-meta":"","stick-header-meta":"","header-above-stick-meta":"","header-main-stick-meta":"","header-below-stick-meta":"","astra-migrate-meta-layouts":"set","ast-page-background-enabled":"default","ast-page-background-meta":{"desktop":{"background-color":"var(--ast-global-color-4)","background-image":"","background-repeat":"repeat","background-position":"center center","background-size":"auto","background-attachment":"scroll","background-type":"","background-media":"","overlay-type":"","overlay-color":"","overlay-opacity":"","overlay-gradient":""},"tablet":{"background-color":"","background-image":"","background-repeat":"repeat","background-position":"center center","background-size":"auto","background-attachment":"scroll","background-type":"","background-media":"","overlay-type":"","overlay-color":"","overlay-opacity":"","overlay-gradient":""},"mobile":{"background-color":"","background-image":"","background-repeat":"repeat","background-position":"center center","background-size":"auto","background-attachment":"scroll","background-type":"","background-media":"","overlay-type":"","overlay-color":"","overlay-opacity":"","overlay-gradient":""}},"ast-content-background-meta":{"desktop":{"background-color":"var(--ast-global-color-5)","background-image":"","background-repeat":"repeat","background-position":"center center","background-size":"auto","background-attachment":"scroll","background-type":"","background-media":"","overlay-type":"","overlay-color":"","overlay-opacity":"","overlay-gradient":""},"tablet":{"background-color":"var(--ast-global-color-5)","background-image":"","background-repeat":"repeat","background-position":"center center","background-size":"auto","background-attachment":"scroll","background-type":"","background-media":"","overlay-type":"","overlay-color":"","overlay-opacity":"","overlay-gradient":""},"mobile":{"background-color":"var(--ast-global-color-5)","background-image":"","background-repeat":"repeat","background-position":"center center","background-size":"auto","background-attachment":"scroll","background-type":"","background-media":"","overlay-type":"","overlay-color":"","overlay-opacity":"","overlay-gradient":""}},"footnotes":""},"class_list":["post-748","flp_evenement","type-flp_evenement","status-publish","hentry","flp_tax_edition-22"],"acf":[],"yoast_head":"<!-- This site is optimized with the Yoast SEO plugin v27.0 - https:\/\/yoast.com\/product\/yoast-seo-wordpress\/ -->\n<title>Espace litt\u00e9raire bienveillant - Fiert\u00e9 litt\u00e9raire<\/title>\n<meta name=\"robots\" content=\"index, follow, max-snippet:-1, max-image-preview:large, max-video-preview:-1\" \/>\n<link rel=\"canonical\" href=\"https:\/\/www.fiertelitteraire.ca\/en\/edition\/2023\/espace-litteraire-bienveillant\/\" \/>\n<meta property=\"og:locale\" content=\"en_US\" \/>\n<meta property=\"og:type\" content=\"article\" \/>\n<meta property=\"og:title\" content=\"Espace litt\u00e9raire bienveillant - Fiert\u00e9 litt\u00e9raire\" \/>\n<meta property=\"og:description\" content=\"Un \u00e9v\u00e9nement \u00ab\u2009safe space\u2009\u00bb pour les auteurs, autrices et autaires qui ne peuvent pas ou ne veulent pas s\u2019afficher pour des raisons qui leur appartiennent. Nous facilitons des rencontres conviviales et s\u00fbres pour ces personnes dans l\u2019espoir qu\u2019un jour, elles soient suffisamment \u00e0 l\u2019aise pour participer \u00e0 nos activit\u00e9s publiques. Quatre rencontres avec quatre animateurs, [&hellip;]\" \/>\n<meta property=\"og:url\" content=\"https:\/\/www.fiertelitteraire.ca\/en\/edition\/2023\/espace-litteraire-bienveillant\/\" \/>\n<meta property=\"og:site_name\" content=\"Fiert\u00e9 litt\u00e9raire\" \/>\n<meta property=\"article:publisher\" content=\"https:\/\/www.facebook.com\/FierteLitteraire\" \/>\n<meta property=\"article:modified_time\" content=\"2026-01-24T19:21:45+00:00\" \/>\n<meta property=\"og:image\" content=\"https:\/\/fiertelitteraire.ca\/wp-content\/uploads\/2023\/07\/Chris-Bergeron-_-credit-_-Neil-Mota.jpeg\" \/>\n<meta name=\"twitter:card\" content=\"summary_large_image\" \/>\n<script type=\"application\/ld+json\" class=\"yoast-schema-graph\">{\"@context\":\"https:\/\/schema.org\",\"@graph\":[{\"@type\":\"WebPage\",\"@id\":\"https:\/\/www.fiertelitteraire.ca\/edition\/2023\/espace-litteraire-bienveillant\/\",\"url\":\"https:\/\/www.fiertelitteraire.ca\/edition\/2023\/espace-litteraire-bienveillant\/\",\"name\":\"Espace litt\u00e9raire bienveillant - Fiert\u00e9 litt\u00e9raire\",\"isPartOf\":{\"@id\":\"https:\/\/www.fiertelitteraire.ca\/#website\"},\"datePublished\":\"2023-07-28T19:48:06+00:00\",\"dateModified\":\"2026-01-24T19:21:45+00:00\",\"breadcrumb\":{\"@id\":\"https:\/\/www.fiertelitteraire.ca\/edition\/2023\/espace-litteraire-bienveillant\/#breadcrumb\"},\"inLanguage\":\"en-CA\",\"potentialAction\":[{\"@type\":\"ReadAction\",\"target\":[\"https:\/\/www.fiertelitteraire.ca\/edition\/2023\/espace-litteraire-bienveillant\/\"]}]},{\"@type\":\"BreadcrumbList\",\"@id\":\"https:\/\/www.fiertelitteraire.ca\/edition\/2023\/espace-litteraire-bienveillant\/#breadcrumb\",\"itemListElement\":[{\"@type\":\"ListItem\",\"position\":1,\"name\":\"Accueil\",\"item\":\"https:\/\/www.fiertelitteraire.ca\/\"},{\"@type\":\"ListItem\",\"position\":2,\"name\":\"Espace litt\u00e9raire bienveillant\"}]},{\"@type\":\"WebSite\",\"@id\":\"https:\/\/www.fiertelitteraire.ca\/#website\",\"url\":\"https:\/\/www.fiertelitteraire.ca\/\",\"name\":\"Fiert\u00e9 litt\u00e9raire\",\"description\":\"OBNL litt\u00e9raire 2SLGBTQIA francophone\",\"publisher\":{\"@id\":\"https:\/\/www.fiertelitteraire.ca\/#organization\"},\"potentialAction\":[{\"@type\":\"SearchAction\",\"target\":{\"@type\":\"EntryPoint\",\"urlTemplate\":\"https:\/\/www.fiertelitteraire.ca\/?s={search_term_string}\"},\"query-input\":{\"@type\":\"PropertyValueSpecification\",\"valueRequired\":true,\"valueName\":\"search_term_string\"}}],\"inLanguage\":\"en-CA\"},{\"@type\":\"Organization\",\"@id\":\"https:\/\/www.fiertelitteraire.ca\/#organization\",\"name\":\"Fiert\u00e9 Litt\u00e9raire\",\"url\":\"https:\/\/www.fiertelitteraire.ca\/\",\"logo\":{\"@type\":\"ImageObject\",\"inLanguage\":\"en-CA\",\"@id\":\"https:\/\/www.fiertelitteraire.ca\/#\/schema\/logo\/image\/\",\"url\":\"https:\/\/fiertelitteraire.ca\/wp-content\/uploads\/2023\/06\/FIERTE-LIT-logo-BLANC-coul-carre.jpg\",\"contentUrl\":\"https:\/\/fiertelitteraire.ca\/wp-content\/uploads\/2023\/06\/FIERTE-LIT-logo-BLANC-coul-carre.jpg\",\"width\":1300,\"height\":1300,\"caption\":\"Fiert\u00e9 Litt\u00e9raire\"},\"image\":{\"@id\":\"https:\/\/www.fiertelitteraire.ca\/#\/schema\/logo\/image\/\"},\"sameAs\":[\"https:\/\/www.facebook.com\/FierteLitteraire\",\"https:\/\/www.youtube.com\/@fiertelitteraire8239\",\"https:\/\/www.instagram.com\/fiertelitteraire\/\"]}]}<\/script>\n<!-- \/ Yoast SEO plugin. -->","yoast_head_json":{"title":"Espace litt\u00e9raire bienveillant - Fiert\u00e9 litt\u00e9raire","robots":{"index":"index","follow":"follow","max-snippet":"max-snippet:-1","max-image-preview":"max-image-preview:large","max-video-preview":"max-video-preview:-1"},"canonical":"https:\/\/www.fiertelitteraire.ca\/en\/edition\/2023\/espace-litteraire-bienveillant\/","og_locale":"en_US","og_type":"article","og_title":"Espace litt\u00e9raire bienveillant - Fiert\u00e9 litt\u00e9raire","og_description":"Un \u00e9v\u00e9nement \u00ab\u2009safe space\u2009\u00bb pour les auteurs, autrices et autaires qui ne peuvent pas ou ne veulent pas s\u2019afficher pour des raisons qui leur appartiennent. Nous facilitons des rencontres conviviales et s\u00fbres pour ces personnes dans l\u2019espoir qu\u2019un jour, elles soient suffisamment \u00e0 l\u2019aise pour participer \u00e0 nos activit\u00e9s publiques. Quatre rencontres avec quatre animateurs, [&hellip;]","og_url":"https:\/\/www.fiertelitteraire.ca\/en\/edition\/2023\/espace-litteraire-bienveillant\/","og_site_name":"Fiert\u00e9 litt\u00e9raire","article_publisher":"https:\/\/www.facebook.com\/FierteLitteraire","article_modified_time":"2026-01-24T19:21:45+00:00","og_image":[{"url":"https:\/\/fiertelitteraire.ca\/wp-content\/uploads\/2023\/07\/Chris-Bergeron-_-credit-_-Neil-Mota.jpeg","type":"","width":"","height":""}],"twitter_card":"summary_large_image","schema":{"@context":"https:\/\/schema.org","@graph":[{"@type":"WebPage","@id":"https:\/\/www.fiertelitteraire.ca\/edition\/2023\/espace-litteraire-bienveillant\/","url":"https:\/\/www.fiertelitteraire.ca\/edition\/2023\/espace-litteraire-bienveillant\/","name":"Espace litt\u00e9raire bienveillant - Fiert\u00e9 litt\u00e9raire","isPartOf":{"@id":"https:\/\/www.fiertelitteraire.ca\/#website"},"datePublished":"2023-07-28T19:48:06+00:00","dateModified":"2026-01-24T19:21:45+00:00","breadcrumb":{"@id":"https:\/\/www.fiertelitteraire.ca\/edition\/2023\/espace-litteraire-bienveillant\/#breadcrumb"},"inLanguage":"en-CA","potentialAction":[{"@type":"ReadAction","target":["https:\/\/www.fiertelitteraire.ca\/edition\/2023\/espace-litteraire-bienveillant\/"]}]},{"@type":"BreadcrumbList","@id":"https:\/\/www.fiertelitteraire.ca\/edition\/2023\/espace-litteraire-bienveillant\/#breadcrumb","itemListElement":[{"@type":"ListItem","position":1,"name":"Accueil","item":"https:\/\/www.fiertelitteraire.ca\/"},{"@type":"ListItem","position":2,"name":"Espace litt\u00e9raire bienveillant"}]},{"@type":"WebSite","@id":"https:\/\/www.fiertelitteraire.ca\/#website","url":"https:\/\/www.fiertelitteraire.ca\/","name":"Fiert\u00e9 litt\u00e9raire","description":"OBNL litt\u00e9raire 2SLGBTQIA francophone","publisher":{"@id":"https:\/\/www.fiertelitteraire.ca\/#organization"},"potentialAction":[{"@type":"SearchAction","target":{"@type":"EntryPoint","urlTemplate":"https:\/\/www.fiertelitteraire.ca\/?s={search_term_string}"},"query-input":{"@type":"PropertyValueSpecification","valueRequired":true,"valueName":"search_term_string"}}],"inLanguage":"en-CA"},{"@type":"Organization","@id":"https:\/\/www.fiertelitteraire.ca\/#organization","name":"Fiert\u00e9 Litt\u00e9raire","url":"https:\/\/www.fiertelitteraire.ca\/","logo":{"@type":"ImageObject","inLanguage":"en-CA","@id":"https:\/\/www.fiertelitteraire.ca\/#\/schema\/logo\/image\/","url":"https:\/\/fiertelitteraire.ca\/wp-content\/uploads\/2023\/06\/FIERTE-LIT-logo-BLANC-coul-carre.jpg","contentUrl":"https:\/\/fiertelitteraire.ca\/wp-content\/uploads\/2023\/06\/FIERTE-LIT-logo-BLANC-coul-carre.jpg","width":1300,"height":1300,"caption":"Fiert\u00e9 Litt\u00e9raire"},"image":{"@id":"https:\/\/www.fiertelitteraire.ca\/#\/schema\/logo\/image\/"},"sameAs":["https:\/\/www.facebook.com\/FierteLitteraire","https:\/\/www.youtube.com\/@fiertelitteraire8239","https:\/\/www.instagram.com\/fiertelitteraire\/"]}]}},"_links":{"self":[{"href":"https:\/\/www.fiertelitteraire.ca\/en\/wp-json\/wp\/v2\/flp_evenement\/748","targetHints":{"allow":["GET"]}}],"collection":[{"href":"https:\/\/www.fiertelitteraire.ca\/en\/wp-json\/wp\/v2\/flp_evenement"}],"about":[{"href":"https:\/\/www.fiertelitteraire.ca\/en\/wp-json\/wp\/v2\/types\/flp_evenement"}],"version-history":[{"count":3,"href":"https:\/\/www.fiertelitteraire.ca\/en\/wp-json\/wp\/v2\/flp_evenement\/748\/revisions"}],"predecessor-version":[{"id":3339679,"href":"https:\/\/www.fiertelitteraire.ca\/en\/wp-json\/wp\/v2\/flp_evenement\/748\/revisions\/3339679"}],"wp:attachment":[{"href":"https:\/\/www.fiertelitteraire.ca\/en\/wp-json\/wp\/v2\/media?parent=748"}],"curies":[{"name":"wp","href":"https:\/\/api.w.org\/{rel}","templated":true}]}}