{"id":1688824,"date":"2024-07-19T23:17:14","date_gmt":"2024-07-20T03:17:14","guid":{"rendered":"https:\/\/fiertelitteraire.ca\/?post_type=flp_evenement&#038;p=1688824"},"modified":"2026-01-24T17:35:54","modified_gmt":"2026-01-24T22:35:54","slug":"le-combat-aux-mots-2020","status":"publish","type":"flp_evenement","link":"https:\/\/www.fiertelitteraire.ca\/en\/edition\/2020\/le-combat-aux-mots-2020\/","title":{"rendered":"Le combat aux mots"},"content":{"rendered":"<p><em>R\u00e9sum\u00e9 de l\u2019\u00e9v\u00e8nement tir\u00e9 du\u00a0<a href=\"https:\/\/denismartinchabot.wordpress.com\/2017\/09\/10\/fierte-litteraire-2017-le-fier-plaisir-de-lire\/\">blog de Denis-Martin Chabot<\/a><\/em><\/p>\n\n\n\n<p>Cet \u00e9v\u00e9nement phare de Fiert\u00e9 litt\u00e9raire s\u2019inspire du Combat des livres de Radio-Canada Premi\u00e8re. Depuis cinq ans, quatre personnalit\u00e9s de la diversit\u00e9 sexuelle et d\u2019identit\u00e9s de genre d\u00e9fendent chacune un titre \u00e9crit par un auteur, autrice ou auteurice de cette m\u00eame diversit\u00e9. Cette ann\u00e9e, le com\u00e9dien Steve Bastien a d\u00e9fendu La balan\u00e7oire de Jasmin de Ahmad Danny Ramadan; Pascale Drevillon a d\u00e9fendu Liminal de Jordan Tannahill; Anne-Marie Dupras, La s\u00e9paration des corps d\u2019Emilie Andrewes et Alain Labont\u00e9, J\u2019ai peur des hommes de Vivek Shraya, le livre gagnant. Le tout \u00e9tait anim\u00e9 par l\u2019excellente Am\u00e9lie Boivin-Handfield. En date du 3 septembre, cet \u00e9v\u00e9nement a obtenu 329 visionnements.<\/p>","protected":false},"template":"","meta":{"_acf_changed":false,"site-sidebar-layout":"default","site-content-layout":"","ast-site-content-layout":"default","site-content-style":"default","site-sidebar-style":"default","ast-global-header-display":"","ast-banner-title-visibility":"","ast-main-header-display":"","ast-hfb-above-header-display":"","ast-hfb-below-header-display":"","ast-hfb-mobile-header-display":"","site-post-title":"","ast-breadcrumbs-content":"","ast-featured-img":"","footer-sml-layout":"","ast-disable-related-posts":"","theme-transparent-header-meta":"","adv-header-id-meta":"","stick-header-meta":"","header-above-stick-meta":"","header-main-stick-meta":"","header-below-stick-meta":"","astra-migrate-meta-layouts":"set","ast-page-background-enabled":"default","ast-page-background-meta":{"desktop":{"background-color":"var(--ast-global-color-4)","background-image":"","background-repeat":"repeat","background-position":"center center","background-size":"auto","background-attachment":"scroll","background-type":"","background-media":"","overlay-type":"","overlay-color":"","overlay-opacity":"","overlay-gradient":""},"tablet":{"background-color":"","background-image":"","background-repeat":"repeat","background-position":"center center","background-size":"auto","background-attachment":"scroll","background-type":"","background-media":"","overlay-type":"","overlay-color":"","overlay-opacity":"","overlay-gradient":""},"mobile":{"background-color":"","background-image":"","background-repeat":"repeat","background-position":"center center","background-size":"auto","background-attachment":"scroll","background-type":"","background-media":"","overlay-type":"","overlay-color":"","overlay-opacity":"","overlay-gradient":""}},"ast-content-background-meta":{"desktop":{"background-color":"var(--ast-global-color-5)","background-image":"","background-repeat":"repeat","background-position":"center center","background-size":"auto","background-attachment":"scroll","background-type":"","background-media":"","overlay-type":"","overlay-color":"","overlay-opacity":"","overlay-gradient":""},"tablet":{"background-color":"var(--ast-global-color-5)","background-image":"","background-repeat":"repeat","background-position":"center center","background-size":"auto","background-attachment":"scroll","background-type":"","background-media":"","overlay-type":"","overlay-color":"","overlay-opacity":"","overlay-gradient":""},"mobile":{"background-color":"var(--ast-global-color-5)","background-image":"","background-repeat":"repeat","background-position":"center center","background-size":"auto","background-attachment":"scroll","background-type":"","background-media":"","overlay-type":"","overlay-color":"","overlay-opacity":"","overlay-gradient":""}},"footnotes":""},"class_list":["post-1688824","flp_evenement","type-flp_evenement","status-publish","hentry","flp_tax_edition-34"],"acf":[],"yoast_head":"<!-- This site is optimized with the Yoast SEO plugin v27.5 - https:\/\/yoast.com\/product\/yoast-seo-wordpress\/ -->\n<title>Le combat aux mots - Fiert\u00e9 litt\u00e9raire<\/title>\n<meta name=\"robots\" content=\"index, follow, max-snippet:-1, max-image-preview:large, max-video-preview:-1\" \/>\n<link rel=\"canonical\" href=\"https:\/\/www.fiertelitteraire.ca\/en\/edition\/2020\/le-combat-aux-mots-3\/\" \/>\n<meta property=\"og:locale\" content=\"en_US\" \/>\n<meta property=\"og:type\" content=\"article\" \/>\n<meta property=\"og:title\" content=\"Le combat aux mots - Fiert\u00e9 litt\u00e9raire\" \/>\n<meta property=\"og:description\" content=\"R\u00e9sum\u00e9 de l\u2019\u00e9v\u00e8nement tir\u00e9 du\u00a0blog de Denis-Martin Chabot Cet \u00e9v\u00e9nement phare de Fiert\u00e9 litt\u00e9raire s\u2019inspire du Combat des livres de Radio-Canada Premi\u00e8re. Depuis cinq ans, quatre personnalit\u00e9s de la diversit\u00e9 sexuelle et d\u2019identit\u00e9s de genre d\u00e9fendent chacune un titre \u00e9crit par un auteur, autrice ou auteurice de cette m\u00eame diversit\u00e9. Cette ann\u00e9e, le com\u00e9dien Steve [&hellip;]\" \/>\n<meta property=\"og:url\" content=\"https:\/\/www.fiertelitteraire.ca\/en\/edition\/2020\/le-combat-aux-mots-3\/\" \/>\n<meta property=\"og:site_name\" content=\"Fiert\u00e9 litt\u00e9raire\" \/>\n<meta property=\"article:publisher\" content=\"https:\/\/www.facebook.com\/FierteLitteraire\" \/>\n<meta property=\"article:modified_time\" content=\"2026-01-24T22:35:54+00:00\" \/>\n<meta name=\"twitter:card\" content=\"summary_large_image\" \/>\n<script type=\"application\/ld+json\" class=\"yoast-schema-graph\">{\"@context\":\"https:\\\/\\\/schema.org\",\"@graph\":[{\"@type\":\"WebPage\",\"@id\":\"https:\\\/\\\/www.fiertelitteraire.ca\\\/edition\\\/2020\\\/le-combat-aux-mots-3\\\/\",\"url\":\"https:\\\/\\\/www.fiertelitteraire.ca\\\/edition\\\/2020\\\/le-combat-aux-mots-3\\\/\",\"name\":\"Le combat aux mots - Fiert\u00e9 litt\u00e9raire\",\"isPartOf\":{\"@id\":\"https:\\\/\\\/www.fiertelitteraire.ca\\\/#website\"},\"datePublished\":\"2024-07-20T03:17:14+00:00\",\"dateModified\":\"2026-01-24T22:35:54+00:00\",\"breadcrumb\":{\"@id\":\"https:\\\/\\\/www.fiertelitteraire.ca\\\/edition\\\/2020\\\/le-combat-aux-mots-3\\\/#breadcrumb\"},\"inLanguage\":\"en-CA\",\"potentialAction\":[{\"@type\":\"ReadAction\",\"target\":[\"https:\\\/\\\/www.fiertelitteraire.ca\\\/edition\\\/2020\\\/le-combat-aux-mots-3\\\/\"]}]},{\"@type\":\"BreadcrumbList\",\"@id\":\"https:\\\/\\\/www.fiertelitteraire.ca\\\/edition\\\/2020\\\/le-combat-aux-mots-3\\\/#breadcrumb\",\"itemListElement\":[{\"@type\":\"ListItem\",\"position\":1,\"name\":\"Accueil\",\"item\":\"https:\\\/\\\/www.fiertelitteraire.ca\\\/\"},{\"@type\":\"ListItem\",\"position\":2,\"name\":\"Le combat aux mots\"}]},{\"@type\":\"WebSite\",\"@id\":\"https:\\\/\\\/www.fiertelitteraire.ca\\\/#website\",\"url\":\"https:\\\/\\\/www.fiertelitteraire.ca\\\/\",\"name\":\"Fiert\u00e9 litt\u00e9raire\",\"description\":\"OBNL litt\u00e9raire 2SLGBTQIA francophone\",\"publisher\":{\"@id\":\"https:\\\/\\\/www.fiertelitteraire.ca\\\/#organization\"},\"potentialAction\":[{\"@type\":\"SearchAction\",\"target\":{\"@type\":\"EntryPoint\",\"urlTemplate\":\"https:\\\/\\\/www.fiertelitteraire.ca\\\/?s={search_term_string}\"},\"query-input\":{\"@type\":\"PropertyValueSpecification\",\"valueRequired\":true,\"valueName\":\"search_term_string\"}}],\"inLanguage\":\"en-CA\"},{\"@type\":\"Organization\",\"@id\":\"https:\\\/\\\/www.fiertelitteraire.ca\\\/#organization\",\"name\":\"Fiert\u00e9 Litt\u00e9raire\",\"url\":\"https:\\\/\\\/www.fiertelitteraire.ca\\\/\",\"logo\":{\"@type\":\"ImageObject\",\"inLanguage\":\"en-CA\",\"@id\":\"https:\\\/\\\/www.fiertelitteraire.ca\\\/#\\\/schema\\\/logo\\\/image\\\/\",\"url\":\"https:\\\/\\\/fiertelitteraire.ca\\\/wp-content\\\/uploads\\\/2023\\\/06\\\/FIERTE-LIT-logo-BLANC-coul-carre.jpg\",\"contentUrl\":\"https:\\\/\\\/fiertelitteraire.ca\\\/wp-content\\\/uploads\\\/2023\\\/06\\\/FIERTE-LIT-logo-BLANC-coul-carre.jpg\",\"width\":1300,\"height\":1300,\"caption\":\"Fiert\u00e9 Litt\u00e9raire\"},\"image\":{\"@id\":\"https:\\\/\\\/www.fiertelitteraire.ca\\\/#\\\/schema\\\/logo\\\/image\\\/\"},\"sameAs\":[\"https:\\\/\\\/www.facebook.com\\\/FierteLitteraire\",\"https:\\\/\\\/www.youtube.com\\\/@fiertelitteraire8239\",\"https:\\\/\\\/www.instagram.com\\\/fiertelitteraire\\\/\"]}]}<\/script>\n<!-- \/ Yoast SEO plugin. -->","yoast_head_json":{"title":"Le combat aux mots - Fiert\u00e9 litt\u00e9raire","robots":{"index":"index","follow":"follow","max-snippet":"max-snippet:-1","max-image-preview":"max-image-preview:large","max-video-preview":"max-video-preview:-1"},"canonical":"https:\/\/www.fiertelitteraire.ca\/en\/edition\/2020\/le-combat-aux-mots-3\/","og_locale":"en_US","og_type":"article","og_title":"Le combat aux mots - Fiert\u00e9 litt\u00e9raire","og_description":"R\u00e9sum\u00e9 de l\u2019\u00e9v\u00e8nement tir\u00e9 du\u00a0blog de Denis-Martin Chabot Cet \u00e9v\u00e9nement phare de Fiert\u00e9 litt\u00e9raire s\u2019inspire du Combat des livres de Radio-Canada Premi\u00e8re. Depuis cinq ans, quatre personnalit\u00e9s de la diversit\u00e9 sexuelle et d\u2019identit\u00e9s de genre d\u00e9fendent chacune un titre \u00e9crit par un auteur, autrice ou auteurice de cette m\u00eame diversit\u00e9. Cette ann\u00e9e, le com\u00e9dien Steve [&hellip;]","og_url":"https:\/\/www.fiertelitteraire.ca\/en\/edition\/2020\/le-combat-aux-mots-3\/","og_site_name":"Fiert\u00e9 litt\u00e9raire","article_publisher":"https:\/\/www.facebook.com\/FierteLitteraire","article_modified_time":"2026-01-24T22:35:54+00:00","twitter_card":"summary_large_image","schema":{"@context":"https:\/\/schema.org","@graph":[{"@type":"WebPage","@id":"https:\/\/www.fiertelitteraire.ca\/edition\/2020\/le-combat-aux-mots-3\/","url":"https:\/\/www.fiertelitteraire.ca\/edition\/2020\/le-combat-aux-mots-3\/","name":"Le combat aux mots - Fiert\u00e9 litt\u00e9raire","isPartOf":{"@id":"https:\/\/www.fiertelitteraire.ca\/#website"},"datePublished":"2024-07-20T03:17:14+00:00","dateModified":"2026-01-24T22:35:54+00:00","breadcrumb":{"@id":"https:\/\/www.fiertelitteraire.ca\/edition\/2020\/le-combat-aux-mots-3\/#breadcrumb"},"inLanguage":"en-CA","potentialAction":[{"@type":"ReadAction","target":["https:\/\/www.fiertelitteraire.ca\/edition\/2020\/le-combat-aux-mots-3\/"]}]},{"@type":"BreadcrumbList","@id":"https:\/\/www.fiertelitteraire.ca\/edition\/2020\/le-combat-aux-mots-3\/#breadcrumb","itemListElement":[{"@type":"ListItem","position":1,"name":"Accueil","item":"https:\/\/www.fiertelitteraire.ca\/"},{"@type":"ListItem","position":2,"name":"Le combat aux mots"}]},{"@type":"WebSite","@id":"https:\/\/www.fiertelitteraire.ca\/#website","url":"https:\/\/www.fiertelitteraire.ca\/","name":"Fiert\u00e9 litt\u00e9raire","description":"OBNL litt\u00e9raire 2SLGBTQIA francophone","publisher":{"@id":"https:\/\/www.fiertelitteraire.ca\/#organization"},"potentialAction":[{"@type":"SearchAction","target":{"@type":"EntryPoint","urlTemplate":"https:\/\/www.fiertelitteraire.ca\/?s={search_term_string}"},"query-input":{"@type":"PropertyValueSpecification","valueRequired":true,"valueName":"search_term_string"}}],"inLanguage":"en-CA"},{"@type":"Organization","@id":"https:\/\/www.fiertelitteraire.ca\/#organization","name":"Fiert\u00e9 Litt\u00e9raire","url":"https:\/\/www.fiertelitteraire.ca\/","logo":{"@type":"ImageObject","inLanguage":"en-CA","@id":"https:\/\/www.fiertelitteraire.ca\/#\/schema\/logo\/image\/","url":"https:\/\/fiertelitteraire.ca\/wp-content\/uploads\/2023\/06\/FIERTE-LIT-logo-BLANC-coul-carre.jpg","contentUrl":"https:\/\/fiertelitteraire.ca\/wp-content\/uploads\/2023\/06\/FIERTE-LIT-logo-BLANC-coul-carre.jpg","width":1300,"height":1300,"caption":"Fiert\u00e9 Litt\u00e9raire"},"image":{"@id":"https:\/\/www.fiertelitteraire.ca\/#\/schema\/logo\/image\/"},"sameAs":["https:\/\/www.facebook.com\/FierteLitteraire","https:\/\/www.youtube.com\/@fiertelitteraire8239","https:\/\/www.instagram.com\/fiertelitteraire\/"]}]}},"_links":{"self":[{"href":"https:\/\/www.fiertelitteraire.ca\/en\/wp-json\/wp\/v2\/flp_evenement\/1688824","targetHints":{"allow":["GET"]}}],"collection":[{"href":"https:\/\/www.fiertelitteraire.ca\/en\/wp-json\/wp\/v2\/flp_evenement"}],"about":[{"href":"https:\/\/www.fiertelitteraire.ca\/en\/wp-json\/wp\/v2\/types\/flp_evenement"}],"version-history":[{"count":2,"href":"https:\/\/www.fiertelitteraire.ca\/en\/wp-json\/wp\/v2\/flp_evenement\/1688824\/revisions"}],"predecessor-version":[{"id":3341957,"href":"https:\/\/www.fiertelitteraire.ca\/en\/wp-json\/wp\/v2\/flp_evenement\/1688824\/revisions\/3341957"}],"wp:attachment":[{"href":"https:\/\/www.fiertelitteraire.ca\/en\/wp-json\/wp\/v2\/media?parent=1688824"}],"curies":[{"name":"wp","href":"https:\/\/api.w.org\/{rel}","templated":true}]}}