{"id":1687123,"date":"2024-07-19T21:40:29","date_gmt":"2024-07-20T01:40:29","guid":{"rendered":"https:\/\/fiertelitteraire.ca\/?post_type=flp_evenement&#038;p=1687123"},"modified":"2026-01-24T17:46:59","modified_gmt":"2026-01-24T22:46:59","slug":"combat-aux-mots-2019","status":"publish","type":"flp_evenement","link":"https:\/\/www.fiertelitteraire.ca\/en\/edition\/2019\/combat-aux-mots-2019\/","title":{"rendered":"Combat aux mots"},"content":{"rendered":"<p><em>R\u00e9sum\u00e9 de l\u2019\u00e9v\u00e8nement tir\u00e9 du\u00a0<a href=\"https:\/\/denismartinchabot.wordpress.com\/2017\/09\/10\/fierte-litteraire-2017-le-fier-plaisir-de-lire\/\">blog de Denis-Martin Chabot<\/a><\/em><\/p>\n\n\n\n<p>Le 13 ao\u00fbt, devant plus de 140 personnes, c\u2019\u00e9tait le Combat aux mots. D\u2019abord, le livre\u00a0<em>Souffler dans la cassette<\/em>\u00a0de\u00a0<em>Jonathan B\u00e9cotte<\/em>\u00a0aux \u00e9ditions Lem\u00e9ac, brillamment d\u00e9fendu par l\u2019auteur et relationniste\u00a0<em>Alain Labont\u00e9<\/em>, a remport\u00e9 le Combat aux Mots du 13 ao\u00fbt. Alain l\u2019a remport\u00e9 sur ses trois adversaires, l\u2019autrice et com\u00e9dienne\u00a0<em>Anne-Marie Dupras<\/em>\u00a0(qui proposait l\u2019excellent roman\u00a0<em>Anna, salle d\u2019attente<\/em>\u00a0d\u2019<em>Emmanuelle Cornu<\/em>\u00a0aux \u00c9ditions Druide), le com\u00e9dien et r\u00e9alisateur\u00a0<em>Jocelyn Lebeau\u00a0<\/em>(qui a port\u00e9 tr\u00e8s haut\u00a0<em>Querelle de Roberval<\/em>\u00a0de\u00a0<em>Kevin Lambert<\/em>, un roman coup de poing publi\u00e9 chez H\u00e9liotrope) et la journaliste\u00a0<em>Judith Lussier<\/em>\u00a0(qui d\u00e9fendait\u00a0<em>Homosapienne<\/em>\u00a0de\u00a0<em>Niviaq Korneliussen<\/em>, publi\u00e9 chez Peuplade). Le Combat aux mots est un match litt\u00e9raire intense, un sport culturel d\u2019\u00e9lite, qui nous fait conna\u00eetre des \u0153uvres superbes. La soir\u00e9e \u00e9tait men\u00e9e par\u00a0<em>Am\u00e9lie Boivin-Handfield<\/em>, animatrice de la populaire \u00e9mission de radio Samedi de lire.<\/p>","protected":false},"template":"","meta":{"_acf_changed":false,"site-sidebar-layout":"default","site-content-layout":"","ast-site-content-layout":"default","site-content-style":"default","site-sidebar-style":"default","ast-global-header-display":"","ast-banner-title-visibility":"","ast-main-header-display":"","ast-hfb-above-header-display":"","ast-hfb-below-header-display":"","ast-hfb-mobile-header-display":"","site-post-title":"","ast-breadcrumbs-content":"","ast-featured-img":"","footer-sml-layout":"","ast-disable-related-posts":"","theme-transparent-header-meta":"","adv-header-id-meta":"","stick-header-meta":"","header-above-stick-meta":"","header-main-stick-meta":"","header-below-stick-meta":"","astra-migrate-meta-layouts":"set","ast-page-background-enabled":"default","ast-page-background-meta":{"desktop":{"background-color":"var(--ast-global-color-4)","background-image":"","background-repeat":"repeat","background-position":"center center","background-size":"auto","background-attachment":"scroll","background-type":"","background-media":"","overlay-type":"","overlay-color":"","overlay-opacity":"","overlay-gradient":""},"tablet":{"background-color":"","background-image":"","background-repeat":"repeat","background-position":"center center","background-size":"auto","background-attachment":"scroll","background-type":"","background-media":"","overlay-type":"","overlay-color":"","overlay-opacity":"","overlay-gradient":""},"mobile":{"background-color":"","background-image":"","background-repeat":"repeat","background-position":"center center","background-size":"auto","background-attachment":"scroll","background-type":"","background-media":"","overlay-type":"","overlay-color":"","overlay-opacity":"","overlay-gradient":""}},"ast-content-background-meta":{"desktop":{"background-color":"var(--ast-global-color-5)","background-image":"","background-repeat":"repeat","background-position":"center center","background-size":"auto","background-attachment":"scroll","background-type":"","background-media":"","overlay-type":"","overlay-color":"","overlay-opacity":"","overlay-gradient":""},"tablet":{"background-color":"var(--ast-global-color-5)","background-image":"","background-repeat":"repeat","background-position":"center center","background-size":"auto","background-attachment":"scroll","background-type":"","background-media":"","overlay-type":"","overlay-color":"","overlay-opacity":"","overlay-gradient":""},"mobile":{"background-color":"var(--ast-global-color-5)","background-image":"","background-repeat":"repeat","background-position":"center center","background-size":"auto","background-attachment":"scroll","background-type":"","background-media":"","overlay-type":"","overlay-color":"","overlay-opacity":"","overlay-gradient":""}},"footnotes":""},"class_list":["post-1687123","flp_evenement","type-flp_evenement","status-publish","hentry","flp_tax_edition-35"],"acf":[],"yoast_head":"<!-- This site is optimized with the Yoast SEO plugin v27.5 - https:\/\/yoast.com\/product\/yoast-seo-wordpress\/ -->\n<title>Combat aux mots - Fiert\u00e9 litt\u00e9raire<\/title>\n<meta name=\"robots\" content=\"index, follow, max-snippet:-1, max-image-preview:large, max-video-preview:-1\" \/>\n<link rel=\"canonical\" href=\"https:\/\/www.fiertelitteraire.ca\/en\/edition\/2019\/combat-aux-mots-5\/\" \/>\n<meta property=\"og:locale\" content=\"en_US\" \/>\n<meta property=\"og:type\" content=\"article\" \/>\n<meta property=\"og:title\" content=\"Combat aux mots - Fiert\u00e9 litt\u00e9raire\" \/>\n<meta property=\"og:description\" content=\"R\u00e9sum\u00e9 de l\u2019\u00e9v\u00e8nement tir\u00e9 du\u00a0blog de Denis-Martin Chabot Le 13 ao\u00fbt, devant plus de 140 personnes, c\u2019\u00e9tait le Combat aux mots. D\u2019abord, le livre\u00a0Souffler dans la cassette\u00a0de\u00a0Jonathan B\u00e9cotte\u00a0aux \u00e9ditions Lem\u00e9ac, brillamment d\u00e9fendu par l\u2019auteur et relationniste\u00a0Alain Labont\u00e9, a remport\u00e9 le Combat aux Mots du 13 ao\u00fbt. Alain l\u2019a remport\u00e9 sur ses trois adversaires, l\u2019autrice et [&hellip;]\" \/>\n<meta property=\"og:url\" content=\"https:\/\/www.fiertelitteraire.ca\/en\/edition\/2019\/combat-aux-mots-5\/\" \/>\n<meta property=\"og:site_name\" content=\"Fiert\u00e9 litt\u00e9raire\" \/>\n<meta property=\"article:publisher\" content=\"https:\/\/www.facebook.com\/FierteLitteraire\" \/>\n<meta property=\"article:modified_time\" content=\"2026-01-24T22:46:59+00:00\" \/>\n<meta name=\"twitter:card\" content=\"summary_large_image\" \/>\n<script type=\"application\/ld+json\" class=\"yoast-schema-graph\">{\"@context\":\"https:\\\/\\\/schema.org\",\"@graph\":[{\"@type\":\"WebPage\",\"@id\":\"https:\\\/\\\/www.fiertelitteraire.ca\\\/edition\\\/2019\\\/combat-aux-mots-5\\\/\",\"url\":\"https:\\\/\\\/www.fiertelitteraire.ca\\\/edition\\\/2019\\\/combat-aux-mots-5\\\/\",\"name\":\"Combat aux mots - Fiert\u00e9 litt\u00e9raire\",\"isPartOf\":{\"@id\":\"https:\\\/\\\/www.fiertelitteraire.ca\\\/#website\"},\"datePublished\":\"2024-07-20T01:40:29+00:00\",\"dateModified\":\"2026-01-24T22:46:59+00:00\",\"breadcrumb\":{\"@id\":\"https:\\\/\\\/www.fiertelitteraire.ca\\\/edition\\\/2019\\\/combat-aux-mots-5\\\/#breadcrumb\"},\"inLanguage\":\"en-CA\",\"potentialAction\":[{\"@type\":\"ReadAction\",\"target\":[\"https:\\\/\\\/www.fiertelitteraire.ca\\\/edition\\\/2019\\\/combat-aux-mots-5\\\/\"]}]},{\"@type\":\"BreadcrumbList\",\"@id\":\"https:\\\/\\\/www.fiertelitteraire.ca\\\/edition\\\/2019\\\/combat-aux-mots-5\\\/#breadcrumb\",\"itemListElement\":[{\"@type\":\"ListItem\",\"position\":1,\"name\":\"Accueil\",\"item\":\"https:\\\/\\\/www.fiertelitteraire.ca\\\/\"},{\"@type\":\"ListItem\",\"position\":2,\"name\":\"Combat aux mots\"}]},{\"@type\":\"WebSite\",\"@id\":\"https:\\\/\\\/www.fiertelitteraire.ca\\\/#website\",\"url\":\"https:\\\/\\\/www.fiertelitteraire.ca\\\/\",\"name\":\"Fiert\u00e9 litt\u00e9raire\",\"description\":\"OBNL litt\u00e9raire 2SLGBTQIA francophone\",\"publisher\":{\"@id\":\"https:\\\/\\\/www.fiertelitteraire.ca\\\/#organization\"},\"potentialAction\":[{\"@type\":\"SearchAction\",\"target\":{\"@type\":\"EntryPoint\",\"urlTemplate\":\"https:\\\/\\\/www.fiertelitteraire.ca\\\/?s={search_term_string}\"},\"query-input\":{\"@type\":\"PropertyValueSpecification\",\"valueRequired\":true,\"valueName\":\"search_term_string\"}}],\"inLanguage\":\"en-CA\"},{\"@type\":\"Organization\",\"@id\":\"https:\\\/\\\/www.fiertelitteraire.ca\\\/#organization\",\"name\":\"Fiert\u00e9 Litt\u00e9raire\",\"url\":\"https:\\\/\\\/www.fiertelitteraire.ca\\\/\",\"logo\":{\"@type\":\"ImageObject\",\"inLanguage\":\"en-CA\",\"@id\":\"https:\\\/\\\/www.fiertelitteraire.ca\\\/#\\\/schema\\\/logo\\\/image\\\/\",\"url\":\"https:\\\/\\\/fiertelitteraire.ca\\\/wp-content\\\/uploads\\\/2023\\\/06\\\/FIERTE-LIT-logo-BLANC-coul-carre.jpg\",\"contentUrl\":\"https:\\\/\\\/fiertelitteraire.ca\\\/wp-content\\\/uploads\\\/2023\\\/06\\\/FIERTE-LIT-logo-BLANC-coul-carre.jpg\",\"width\":1300,\"height\":1300,\"caption\":\"Fiert\u00e9 Litt\u00e9raire\"},\"image\":{\"@id\":\"https:\\\/\\\/www.fiertelitteraire.ca\\\/#\\\/schema\\\/logo\\\/image\\\/\"},\"sameAs\":[\"https:\\\/\\\/www.facebook.com\\\/FierteLitteraire\",\"https:\\\/\\\/www.youtube.com\\\/@fiertelitteraire8239\",\"https:\\\/\\\/www.instagram.com\\\/fiertelitteraire\\\/\"]}]}<\/script>\n<!-- \/ Yoast SEO plugin. -->","yoast_head_json":{"title":"Combat aux mots - Fiert\u00e9 litt\u00e9raire","robots":{"index":"index","follow":"follow","max-snippet":"max-snippet:-1","max-image-preview":"max-image-preview:large","max-video-preview":"max-video-preview:-1"},"canonical":"https:\/\/www.fiertelitteraire.ca\/en\/edition\/2019\/combat-aux-mots-5\/","og_locale":"en_US","og_type":"article","og_title":"Combat aux mots - Fiert\u00e9 litt\u00e9raire","og_description":"R\u00e9sum\u00e9 de l\u2019\u00e9v\u00e8nement tir\u00e9 du\u00a0blog de Denis-Martin Chabot Le 13 ao\u00fbt, devant plus de 140 personnes, c\u2019\u00e9tait le Combat aux mots. D\u2019abord, le livre\u00a0Souffler dans la cassette\u00a0de\u00a0Jonathan B\u00e9cotte\u00a0aux \u00e9ditions Lem\u00e9ac, brillamment d\u00e9fendu par l\u2019auteur et relationniste\u00a0Alain Labont\u00e9, a remport\u00e9 le Combat aux Mots du 13 ao\u00fbt. Alain l\u2019a remport\u00e9 sur ses trois adversaires, l\u2019autrice et [&hellip;]","og_url":"https:\/\/www.fiertelitteraire.ca\/en\/edition\/2019\/combat-aux-mots-5\/","og_site_name":"Fiert\u00e9 litt\u00e9raire","article_publisher":"https:\/\/www.facebook.com\/FierteLitteraire","article_modified_time":"2026-01-24T22:46:59+00:00","twitter_card":"summary_large_image","schema":{"@context":"https:\/\/schema.org","@graph":[{"@type":"WebPage","@id":"https:\/\/www.fiertelitteraire.ca\/edition\/2019\/combat-aux-mots-5\/","url":"https:\/\/www.fiertelitteraire.ca\/edition\/2019\/combat-aux-mots-5\/","name":"Combat aux mots - Fiert\u00e9 litt\u00e9raire","isPartOf":{"@id":"https:\/\/www.fiertelitteraire.ca\/#website"},"datePublished":"2024-07-20T01:40:29+00:00","dateModified":"2026-01-24T22:46:59+00:00","breadcrumb":{"@id":"https:\/\/www.fiertelitteraire.ca\/edition\/2019\/combat-aux-mots-5\/#breadcrumb"},"inLanguage":"en-CA","potentialAction":[{"@type":"ReadAction","target":["https:\/\/www.fiertelitteraire.ca\/edition\/2019\/combat-aux-mots-5\/"]}]},{"@type":"BreadcrumbList","@id":"https:\/\/www.fiertelitteraire.ca\/edition\/2019\/combat-aux-mots-5\/#breadcrumb","itemListElement":[{"@type":"ListItem","position":1,"name":"Accueil","item":"https:\/\/www.fiertelitteraire.ca\/"},{"@type":"ListItem","position":2,"name":"Combat aux mots"}]},{"@type":"WebSite","@id":"https:\/\/www.fiertelitteraire.ca\/#website","url":"https:\/\/www.fiertelitteraire.ca\/","name":"Fiert\u00e9 litt\u00e9raire","description":"OBNL litt\u00e9raire 2SLGBTQIA francophone","publisher":{"@id":"https:\/\/www.fiertelitteraire.ca\/#organization"},"potentialAction":[{"@type":"SearchAction","target":{"@type":"EntryPoint","urlTemplate":"https:\/\/www.fiertelitteraire.ca\/?s={search_term_string}"},"query-input":{"@type":"PropertyValueSpecification","valueRequired":true,"valueName":"search_term_string"}}],"inLanguage":"en-CA"},{"@type":"Organization","@id":"https:\/\/www.fiertelitteraire.ca\/#organization","name":"Fiert\u00e9 Litt\u00e9raire","url":"https:\/\/www.fiertelitteraire.ca\/","logo":{"@type":"ImageObject","inLanguage":"en-CA","@id":"https:\/\/www.fiertelitteraire.ca\/#\/schema\/logo\/image\/","url":"https:\/\/fiertelitteraire.ca\/wp-content\/uploads\/2023\/06\/FIERTE-LIT-logo-BLANC-coul-carre.jpg","contentUrl":"https:\/\/fiertelitteraire.ca\/wp-content\/uploads\/2023\/06\/FIERTE-LIT-logo-BLANC-coul-carre.jpg","width":1300,"height":1300,"caption":"Fiert\u00e9 Litt\u00e9raire"},"image":{"@id":"https:\/\/www.fiertelitteraire.ca\/#\/schema\/logo\/image\/"},"sameAs":["https:\/\/www.facebook.com\/FierteLitteraire","https:\/\/www.youtube.com\/@fiertelitteraire8239","https:\/\/www.instagram.com\/fiertelitteraire\/"]}]}},"_links":{"self":[{"href":"https:\/\/www.fiertelitteraire.ca\/en\/wp-json\/wp\/v2\/flp_evenement\/1687123","targetHints":{"allow":["GET"]}}],"collection":[{"href":"https:\/\/www.fiertelitteraire.ca\/en\/wp-json\/wp\/v2\/flp_evenement"}],"about":[{"href":"https:\/\/www.fiertelitteraire.ca\/en\/wp-json\/wp\/v2\/types\/flp_evenement"}],"version-history":[{"count":3,"href":"https:\/\/www.fiertelitteraire.ca\/en\/wp-json\/wp\/v2\/flp_evenement\/1687123\/revisions"}],"predecessor-version":[{"id":3342187,"href":"https:\/\/www.fiertelitteraire.ca\/en\/wp-json\/wp\/v2\/flp_evenement\/1687123\/revisions\/3342187"}],"wp:attachment":[{"href":"https:\/\/www.fiertelitteraire.ca\/en\/wp-json\/wp\/v2\/media?parent=1687123"}],"curies":[{"name":"wp","href":"https:\/\/api.w.org\/{rel}","templated":true}]}}