{"id":1667019,"date":"2024-07-16T14:17:49","date_gmt":"2024-07-16T18:17:49","guid":{"rendered":"https:\/\/fiertelitteraire.ca\/?post_type=flp_evenement&#038;p=1667019"},"modified":"2026-01-24T17:52:11","modified_gmt":"2026-01-24T22:52:11","slug":"le-combat-aux-mots-2018","status":"publish","type":"flp_evenement","link":"https:\/\/www.fiertelitteraire.ca\/en\/edition\/2018\/le-combat-aux-mots-2018\/","title":{"rendered":"Le combat aux mots"},"content":{"rendered":"<p><em>R\u00e9sum\u00e9 de l\u2019\u00e9v\u00e8nement tir\u00e9 du\u00a0<a href=\"https:\/\/denismartinchabot.wordpress.com\/2017\/09\/10\/fierte-litteraire-2017-le-fier-plaisir-de-lire\/\">blog de Denis-Martin Chabot<\/a><\/em><\/p>\n\n\n\n<p>C\u2019est le roman\u00a0<strong>Au 5e<\/strong>\u00a0de\u00a0<strong>MP Boisvert<\/strong>\u00a0qui a remport\u00e9 la 3e \u00e9dition du\u00a0<strong>Combat aux mots<\/strong>\u00a0de\u00a0<strong>Fiert\u00e9 litt\u00e9raire<\/strong>. D\u00e9fendu brillamment par la com\u00e9dienne, auteure et humoriste\u00a0<em>Anne-Marie Dupras<\/em>, ce roman raconte l\u2019histoire d\u2019Alice, Ga\u00eblle, Camille et Simon qui partagent un appartement au cinqui\u00e8me \u00e9tage d\u2019un immeuble de Sherbrooke. Il explore plusieurs facettes de la diversit\u00e9 sexuelle, dont la bisexualit\u00e9 et le polyamour. Il s\u2019agit du premier roman de MP Boisvert. \u00ab\u2009C\u2019est tout un honneur,\u2009\u00bb a-t-elle d\u00e9clar\u00e9 imm\u00e9diatement apr\u00e8s l\u2019\u00e9v\u00e9nement.\u00a0<em>Au 5e<\/em>, publi\u00e9 chez La M\u00e8che, \u00e9tait en comp\u00e9tition avec\u00a0<em>Tiroir Num\u00e9ro\u00a024<\/em>\u00a0de\u00a0<em>Michael Delisle<\/em>, d\u00e9fendu par l\u2019auteur et relationniste, Alain Labont\u00e9,\u00a0<em>Queues<\/em>\u00a0de Nicholas Gigu\u00e8re, propos\u00e9 par le com\u00e9dien et r\u00e9alisateur, Jocelyn Lebeau et\u00a0<em>Des cailloux blancs pour les for\u00eats obscures<\/em>\u00a0de Jovette Marchessault, propos\u00e9 par l\u2019auteure et chroniqueuse Judith Lussier. La soir\u00e9e a donn\u00e9 lieu \u00e0 des d\u00e9bats cors\u00e9s sous l\u2019animation tr\u00e8s habile d\u2019Am\u00e9lie Boivin-Handfield.\u00a0MP Boisvert est directrice g\u00e9n\u00e9rale du Conseil qu\u00e9b\u00e9cois LGBT \u00e0 temps plein, et auteure \u00e0 temps plus-que-partiel.\u00a0Elle est consultante pour divers minist\u00e8res sur les questions de diversit\u00e9 sexuelle et de genre et intervient r\u00e9guli\u00e8rement dans les m\u00e9dias sur ces questions. Co-fondatrice de\u00a0<em>Fi\u00e8re la f\u00eate\u2009! La c\u00e9l\u00e9bration de la diversit\u00e9 sexuelle<\/em>\u00a0\u00e0 Sherbrooke, elle est aujourd\u2019hui sur le conseil d\u2019ILGA Am\u00e9rique du Nord et sur le comit\u00e9 d\u2019orientation du R\u00e9seau LGBTQI Francophone International.\u00a0Elle d\u00e9tient une ma\u00eetrise en cr\u00e9ation litt\u00e9raire de l\u2019Universit\u00e9 de Sherbrooke.<\/p>","protected":false},"template":"","meta":{"_acf_changed":false,"site-sidebar-layout":"default","site-content-layout":"","ast-site-content-layout":"default","site-content-style":"default","site-sidebar-style":"default","ast-global-header-display":"","ast-banner-title-visibility":"","ast-main-header-display":"","ast-hfb-above-header-display":"","ast-hfb-below-header-display":"","ast-hfb-mobile-header-display":"","site-post-title":"","ast-breadcrumbs-content":"","ast-featured-img":"","footer-sml-layout":"","ast-disable-related-posts":"","theme-transparent-header-meta":"","adv-header-id-meta":"","stick-header-meta":"","header-above-stick-meta":"","header-main-stick-meta":"","header-below-stick-meta":"","astra-migrate-meta-layouts":"set","ast-page-background-enabled":"default","ast-page-background-meta":{"desktop":{"background-color":"var(--ast-global-color-4)","background-image":"","background-repeat":"repeat","background-position":"center center","background-size":"auto","background-attachment":"scroll","background-type":"","background-media":"","overlay-type":"","overlay-color":"","overlay-opacity":"","overlay-gradient":""},"tablet":{"background-color":"","background-image":"","background-repeat":"repeat","background-position":"center center","background-size":"auto","background-attachment":"scroll","background-type":"","background-media":"","overlay-type":"","overlay-color":"","overlay-opacity":"","overlay-gradient":""},"mobile":{"background-color":"","background-image":"","background-repeat":"repeat","background-position":"center center","background-size":"auto","background-attachment":"scroll","background-type":"","background-media":"","overlay-type":"","overlay-color":"","overlay-opacity":"","overlay-gradient":""}},"ast-content-background-meta":{"desktop":{"background-color":"var(--ast-global-color-5)","background-image":"","background-repeat":"repeat","background-position":"center center","background-size":"auto","background-attachment":"scroll","background-type":"","background-media":"","overlay-type":"","overlay-color":"","overlay-opacity":"","overlay-gradient":""},"tablet":{"background-color":"var(--ast-global-color-5)","background-image":"","background-repeat":"repeat","background-position":"center center","background-size":"auto","background-attachment":"scroll","background-type":"","background-media":"","overlay-type":"","overlay-color":"","overlay-opacity":"","overlay-gradient":""},"mobile":{"background-color":"var(--ast-global-color-5)","background-image":"","background-repeat":"repeat","background-position":"center center","background-size":"auto","background-attachment":"scroll","background-type":"","background-media":"","overlay-type":"","overlay-color":"","overlay-opacity":"","overlay-gradient":""}},"footnotes":""},"class_list":["post-1667019","flp_evenement","type-flp_evenement","status-publish","hentry","flp_tax_edition-36"],"acf":[],"yoast_head":"<!-- This site is optimized with the Yoast SEO plugin v27.0 - https:\/\/yoast.com\/product\/yoast-seo-wordpress\/ -->\n<title>Le combat aux mots - Fiert\u00e9 litt\u00e9raire<\/title>\n<meta name=\"robots\" content=\"index, follow, max-snippet:-1, max-image-preview:large, max-video-preview:-1\" \/>\n<link rel=\"canonical\" href=\"https:\/\/www.fiertelitteraire.ca\/en\/edition\/2018\/le-combat-aux-mots-2\/\" \/>\n<meta property=\"og:locale\" content=\"en_US\" \/>\n<meta property=\"og:type\" content=\"article\" \/>\n<meta property=\"og:title\" content=\"Le combat aux mots - Fiert\u00e9 litt\u00e9raire\" \/>\n<meta property=\"og:description\" content=\"R\u00e9sum\u00e9 de l\u2019\u00e9v\u00e8nement tir\u00e9 du\u00a0blog de Denis-Martin Chabot C\u2019est le roman\u00a0Au 5e\u00a0de\u00a0MP Boisvert\u00a0qui a remport\u00e9 la 3e \u00e9dition du\u00a0Combat aux mots\u00a0de\u00a0Fiert\u00e9 litt\u00e9raire. D\u00e9fendu brillamment par la com\u00e9dienne, auteure et humoriste\u00a0Anne-Marie Dupras, ce roman raconte l\u2019histoire d\u2019Alice, Ga\u00eblle, Camille et Simon qui partagent un appartement au cinqui\u00e8me \u00e9tage d\u2019un immeuble de Sherbrooke. Il explore plusieurs facettes [&hellip;]\" \/>\n<meta property=\"og:url\" content=\"https:\/\/www.fiertelitteraire.ca\/en\/edition\/2018\/le-combat-aux-mots-2\/\" \/>\n<meta property=\"og:site_name\" content=\"Fiert\u00e9 litt\u00e9raire\" \/>\n<meta property=\"article:publisher\" content=\"https:\/\/www.facebook.com\/FierteLitteraire\" \/>\n<meta property=\"article:modified_time\" content=\"2026-01-24T22:52:11+00:00\" \/>\n<meta name=\"twitter:card\" content=\"summary_large_image\" \/>\n<script type=\"application\/ld+json\" class=\"yoast-schema-graph\">{\"@context\":\"https:\/\/schema.org\",\"@graph\":[{\"@type\":\"WebPage\",\"@id\":\"https:\/\/www.fiertelitteraire.ca\/edition\/2018\/le-combat-aux-mots-2\/\",\"url\":\"https:\/\/www.fiertelitteraire.ca\/edition\/2018\/le-combat-aux-mots-2\/\",\"name\":\"Le combat aux mots - Fiert\u00e9 litt\u00e9raire\",\"isPartOf\":{\"@id\":\"https:\/\/www.fiertelitteraire.ca\/#website\"},\"datePublished\":\"2024-07-16T18:17:49+00:00\",\"dateModified\":\"2026-01-24T22:52:11+00:00\",\"breadcrumb\":{\"@id\":\"https:\/\/www.fiertelitteraire.ca\/edition\/2018\/le-combat-aux-mots-2\/#breadcrumb\"},\"inLanguage\":\"en-CA\",\"potentialAction\":[{\"@type\":\"ReadAction\",\"target\":[\"https:\/\/www.fiertelitteraire.ca\/edition\/2018\/le-combat-aux-mots-2\/\"]}]},{\"@type\":\"BreadcrumbList\",\"@id\":\"https:\/\/www.fiertelitteraire.ca\/edition\/2018\/le-combat-aux-mots-2\/#breadcrumb\",\"itemListElement\":[{\"@type\":\"ListItem\",\"position\":1,\"name\":\"Accueil\",\"item\":\"https:\/\/www.fiertelitteraire.ca\/\"},{\"@type\":\"ListItem\",\"position\":2,\"name\":\"Le combat aux mots\"}]},{\"@type\":\"WebSite\",\"@id\":\"https:\/\/www.fiertelitteraire.ca\/#website\",\"url\":\"https:\/\/www.fiertelitteraire.ca\/\",\"name\":\"Fiert\u00e9 litt\u00e9raire\",\"description\":\"OBNL litt\u00e9raire 2SLGBTQIA francophone\",\"publisher\":{\"@id\":\"https:\/\/www.fiertelitteraire.ca\/#organization\"},\"potentialAction\":[{\"@type\":\"SearchAction\",\"target\":{\"@type\":\"EntryPoint\",\"urlTemplate\":\"https:\/\/www.fiertelitteraire.ca\/?s={search_term_string}\"},\"query-input\":{\"@type\":\"PropertyValueSpecification\",\"valueRequired\":true,\"valueName\":\"search_term_string\"}}],\"inLanguage\":\"en-CA\"},{\"@type\":\"Organization\",\"@id\":\"https:\/\/www.fiertelitteraire.ca\/#organization\",\"name\":\"Fiert\u00e9 Litt\u00e9raire\",\"url\":\"https:\/\/www.fiertelitteraire.ca\/\",\"logo\":{\"@type\":\"ImageObject\",\"inLanguage\":\"en-CA\",\"@id\":\"https:\/\/www.fiertelitteraire.ca\/#\/schema\/logo\/image\/\",\"url\":\"https:\/\/fiertelitteraire.ca\/wp-content\/uploads\/2023\/06\/FIERTE-LIT-logo-BLANC-coul-carre.jpg\",\"contentUrl\":\"https:\/\/fiertelitteraire.ca\/wp-content\/uploads\/2023\/06\/FIERTE-LIT-logo-BLANC-coul-carre.jpg\",\"width\":1300,\"height\":1300,\"caption\":\"Fiert\u00e9 Litt\u00e9raire\"},\"image\":{\"@id\":\"https:\/\/www.fiertelitteraire.ca\/#\/schema\/logo\/image\/\"},\"sameAs\":[\"https:\/\/www.facebook.com\/FierteLitteraire\",\"https:\/\/www.youtube.com\/@fiertelitteraire8239\",\"https:\/\/www.instagram.com\/fiertelitteraire\/\"]}]}<\/script>\n<!-- \/ Yoast SEO plugin. -->","yoast_head_json":{"title":"Le combat aux mots - Fiert\u00e9 litt\u00e9raire","robots":{"index":"index","follow":"follow","max-snippet":"max-snippet:-1","max-image-preview":"max-image-preview:large","max-video-preview":"max-video-preview:-1"},"canonical":"https:\/\/www.fiertelitteraire.ca\/en\/edition\/2018\/le-combat-aux-mots-2\/","og_locale":"en_US","og_type":"article","og_title":"Le combat aux mots - Fiert\u00e9 litt\u00e9raire","og_description":"R\u00e9sum\u00e9 de l\u2019\u00e9v\u00e8nement tir\u00e9 du\u00a0blog de Denis-Martin Chabot C\u2019est le roman\u00a0Au 5e\u00a0de\u00a0MP Boisvert\u00a0qui a remport\u00e9 la 3e \u00e9dition du\u00a0Combat aux mots\u00a0de\u00a0Fiert\u00e9 litt\u00e9raire. D\u00e9fendu brillamment par la com\u00e9dienne, auteure et humoriste\u00a0Anne-Marie Dupras, ce roman raconte l\u2019histoire d\u2019Alice, Ga\u00eblle, Camille et Simon qui partagent un appartement au cinqui\u00e8me \u00e9tage d\u2019un immeuble de Sherbrooke. Il explore plusieurs facettes [&hellip;]","og_url":"https:\/\/www.fiertelitteraire.ca\/en\/edition\/2018\/le-combat-aux-mots-2\/","og_site_name":"Fiert\u00e9 litt\u00e9raire","article_publisher":"https:\/\/www.facebook.com\/FierteLitteraire","article_modified_time":"2026-01-24T22:52:11+00:00","twitter_card":"summary_large_image","schema":{"@context":"https:\/\/schema.org","@graph":[{"@type":"WebPage","@id":"https:\/\/www.fiertelitteraire.ca\/edition\/2018\/le-combat-aux-mots-2\/","url":"https:\/\/www.fiertelitteraire.ca\/edition\/2018\/le-combat-aux-mots-2\/","name":"Le combat aux mots - Fiert\u00e9 litt\u00e9raire","isPartOf":{"@id":"https:\/\/www.fiertelitteraire.ca\/#website"},"datePublished":"2024-07-16T18:17:49+00:00","dateModified":"2026-01-24T22:52:11+00:00","breadcrumb":{"@id":"https:\/\/www.fiertelitteraire.ca\/edition\/2018\/le-combat-aux-mots-2\/#breadcrumb"},"inLanguage":"en-CA","potentialAction":[{"@type":"ReadAction","target":["https:\/\/www.fiertelitteraire.ca\/edition\/2018\/le-combat-aux-mots-2\/"]}]},{"@type":"BreadcrumbList","@id":"https:\/\/www.fiertelitteraire.ca\/edition\/2018\/le-combat-aux-mots-2\/#breadcrumb","itemListElement":[{"@type":"ListItem","position":1,"name":"Accueil","item":"https:\/\/www.fiertelitteraire.ca\/"},{"@type":"ListItem","position":2,"name":"Le combat aux mots"}]},{"@type":"WebSite","@id":"https:\/\/www.fiertelitteraire.ca\/#website","url":"https:\/\/www.fiertelitteraire.ca\/","name":"Fiert\u00e9 litt\u00e9raire","description":"OBNL litt\u00e9raire 2SLGBTQIA francophone","publisher":{"@id":"https:\/\/www.fiertelitteraire.ca\/#organization"},"potentialAction":[{"@type":"SearchAction","target":{"@type":"EntryPoint","urlTemplate":"https:\/\/www.fiertelitteraire.ca\/?s={search_term_string}"},"query-input":{"@type":"PropertyValueSpecification","valueRequired":true,"valueName":"search_term_string"}}],"inLanguage":"en-CA"},{"@type":"Organization","@id":"https:\/\/www.fiertelitteraire.ca\/#organization","name":"Fiert\u00e9 Litt\u00e9raire","url":"https:\/\/www.fiertelitteraire.ca\/","logo":{"@type":"ImageObject","inLanguage":"en-CA","@id":"https:\/\/www.fiertelitteraire.ca\/#\/schema\/logo\/image\/","url":"https:\/\/fiertelitteraire.ca\/wp-content\/uploads\/2023\/06\/FIERTE-LIT-logo-BLANC-coul-carre.jpg","contentUrl":"https:\/\/fiertelitteraire.ca\/wp-content\/uploads\/2023\/06\/FIERTE-LIT-logo-BLANC-coul-carre.jpg","width":1300,"height":1300,"caption":"Fiert\u00e9 Litt\u00e9raire"},"image":{"@id":"https:\/\/www.fiertelitteraire.ca\/#\/schema\/logo\/image\/"},"sameAs":["https:\/\/www.facebook.com\/FierteLitteraire","https:\/\/www.youtube.com\/@fiertelitteraire8239","https:\/\/www.instagram.com\/fiertelitteraire\/"]}]}},"_links":{"self":[{"href":"https:\/\/www.fiertelitteraire.ca\/en\/wp-json\/wp\/v2\/flp_evenement\/1667019","targetHints":{"allow":["GET"]}}],"collection":[{"href":"https:\/\/www.fiertelitteraire.ca\/en\/wp-json\/wp\/v2\/flp_evenement"}],"about":[{"href":"https:\/\/www.fiertelitteraire.ca\/en\/wp-json\/wp\/v2\/types\/flp_evenement"}],"version-history":[{"count":2,"href":"https:\/\/www.fiertelitteraire.ca\/en\/wp-json\/wp\/v2\/flp_evenement\/1667019\/revisions"}],"predecessor-version":[{"id":3342255,"href":"https:\/\/www.fiertelitteraire.ca\/en\/wp-json\/wp\/v2\/flp_evenement\/1667019\/revisions\/3342255"}],"wp:attachment":[{"href":"https:\/\/www.fiertelitteraire.ca\/en\/wp-json\/wp\/v2\/media?parent=1667019"}],"curies":[{"name":"wp","href":"https:\/\/api.w.org\/{rel}","templated":true}]}}