{"id":1666944,"date":"2024-07-16T14:14:18","date_gmt":"2024-07-16T18:14:18","guid":{"rendered":"https:\/\/fiertelitteraire.ca\/?post_type=flp_evenement&#038;p=1666944"},"modified":"2026-01-24T17:54:48","modified_gmt":"2026-01-24T22:54:48","slug":"auteurs-academie-2018","status":"publish","type":"flp_evenement","link":"https:\/\/www.fiertelitteraire.ca\/en\/edition\/2018\/auteurs-academie-2018\/","title":{"rendered":"Auteurs acad\u00e9mie"},"content":{"rendered":"<p><em>R\u00e9sum\u00e9 de l\u2019\u00e9v\u00e8nement tir\u00e9 du\u00a0<a href=\"https:\/\/denismartinchabot.wordpress.com\/2017\/09\/10\/fierte-litteraire-2017-le-fier-plaisir-de-lire\/\">blog de Denis-Martin Chabot<\/a><\/em><\/p>\n\n\n\n<p>D\u2019abord, son concours litt\u00e9raire a pris une nouvelle forme. Inspir\u00e9 des t\u00e9l\u00e9-r\u00e9alit\u00e9s&nbsp;<em>La Voix<\/em>&nbsp;et&nbsp;<em>Star Acad\u00e9mie<\/em>&nbsp;\u00e0 TVA, nous avons cr\u00e9\u00e9 un concours litt\u00e9raire nouveau genre,&nbsp;<strong>Auteurs Acad\u00e9mie<\/strong>. Le prix \u00e0 gagner : la publication d\u2019un roman ou recueil de po\u00e9sie par notre partenaire BouquinBec. Le gagnant ou la gagnante obtient la r\u00e9vision, la mise-en-page, la couverture et la publication de son livre, en plus, on lui en remet 100 exemplaires.\u00ab BouquinBec est plus qu\u2019heureuse de s\u2019associer \u00e0 Fiert\u00e9 litt\u00e9raire et au festival Fiert\u00e9 Montr\u00e9al, a d\u00e9clar\u00e9 Sylvie Dulac, directrice \u00e0 BouquinBec. Nous partageons la vision de Fiert\u00e9 litt\u00e9raire et de son directeur Denis\u2010Martin Chabot de faire rayonner la litt\u00e9rature et les auteurs de la communaut\u00e9 issue de la pluralit\u00e9 sexuelle et de genre ainsi que de donner le go\u00fbt de lire et d\u2019\u00e9crire. \u00bbD\u2019abord en mars 2018, nous avons lanc\u00e9 l\u2019appel \u00e0 texte. Sous le th\u00e8me \u00ab&nbsp;Je l\u2019aime \u00e0 mourir&nbsp;\u00bb, les participants devaient \u00e9crire une nouvelle de 200 mots maximum. Un premier jury compos\u00e9 outre de madame Beaulac, l\u2019auteure et agente litt\u00e9raire Dominique Girard. Des 34 textes re\u00e7us au premier juin, elles ont retenu huit candidats. On leur a demand\u00e9 de composer un autre texte de 200 mots avec 10 mots impos\u00e9s en pr\u00e9vision de la finale du 13 ao\u00fbt.Deux coachs, l\u2019auteure \u00e0 succ\u00e8s Sylvie Payette et l\u2019\u00e9diteur Robert Souli\u00e8res, ont alors lu les textes retenus. Ils les ont lus \u00e0 l\u2019aveugle, car ils n\u2019avaient aucune information nominale sur l\u2019identit\u00e9 des auteur(e)s. Puis le soir du 13 ao\u00fbt, le com\u00e9dien Miguel Doucet a lu les textes retenus pour le public. \u00c0 la suite des lectures, les coachs ont retenu 4 semi-finalistes, deux pour chaque coach. Apr\u00e8s une pause pour permettre aux coachs d\u2019aider leurs poulains \u00e0 am\u00e9liorer leur oeuvre (le texte de 200 mots avec 10 impos\u00e9s), Miguel Doucet a lu les textes pour le public. Les coachs ont d\u00fb faire le dur choix de retenir un seul candidat chacun. Derni\u00e8re \u00e9tape, \u00e9crire en 10 minutes une d\u00e9claration d\u2019amour d\u2019au plus 50 mots.<\/p>\n\n\n\n<p>&nbsp;C\u2019est \u00c9tienne Beaus\u00e9jour qui l\u2019a remport\u00e9. Ag\u00e9 de&nbsp;21 ans, cet \u00e9tudiant en droit \u00e0 l\u2019Universit\u00e9 de Montr\u00e9al avait s\u00e9duit le coach Robert Souli\u00e8res avec&nbsp;ses textes empreints d\u2019humour et leurs qualit\u00e9s narratives et leur style. Son texte final, une d\u00e9claration d\u2019amour \u00e0 un\u2026 chien a \u00e9t\u00e9 le coup de c\u0153ur. L\u2019auditoire a vot\u00e9 pour lui. \u00c0 la grande finale,&nbsp;\u00c9tienne faisait face \u00e0 Guylaine Joly \u00c9chardour qui \u00e9tait la finaliste de la coach Sylvie Payette, auteure.&nbsp;\u00ab\u2009Je suis tr\u00e8s heureux, a d\u00e9clar\u00e9 \u00c9tienne. Je me suis bien amus\u00e9 et j\u2019ai h\u00e2te de travailler sur mon projet qui sera publi\u00e9.\u2009\u00bb \u00ab\u2009Nous avions des textes de grande qualit\u00e9, a dit Denis-Martin Chabot, organisateur de Fiert\u00e9 litt\u00e9raire. Le choix \u00e9tait tr\u00e8s difficile d\u2019abord pour le jury qui a retenu les huit finalistes, puis pour les coachs lors de la soir\u00e9e de la grande finale. Mais c\u2019est \u00e7a un concours litt\u00e9raire. Un autre jury, d\u2019autres coachs auraient peut-\u00eatre d\u00e9cid\u00e9 autrement. Pour moi, tous les participants sont des gagnants.\u2009\u00bb \u00ab\u2009Nous sommes fiers de nous associer \u00e0 cet \u00e9v\u00e9nement, a d\u00e9clar\u00e9 Sylvie Dulac, directrice, Bouquinbec. Nous avons d\u00e9couvert des auteurs de talent dans le cadre de ce concours.&nbsp;&nbsp;<\/p>","protected":false},"template":"","meta":{"_acf_changed":false,"site-sidebar-layout":"default","site-content-layout":"","ast-site-content-layout":"default","site-content-style":"default","site-sidebar-style":"default","ast-global-header-display":"","ast-banner-title-visibility":"","ast-main-header-display":"","ast-hfb-above-header-display":"","ast-hfb-below-header-display":"","ast-hfb-mobile-header-display":"","site-post-title":"","ast-breadcrumbs-content":"","ast-featured-img":"","footer-sml-layout":"","ast-disable-related-posts":"","theme-transparent-header-meta":"","adv-header-id-meta":"","stick-header-meta":"","header-above-stick-meta":"","header-main-stick-meta":"","header-below-stick-meta":"","astra-migrate-meta-layouts":"set","ast-page-background-enabled":"default","ast-page-background-meta":{"desktop":{"background-color":"var(--ast-global-color-4)","background-image":"","background-repeat":"repeat","background-position":"center center","background-size":"auto","background-attachment":"scroll","background-type":"","background-media":"","overlay-type":"","overlay-color":"","overlay-opacity":"","overlay-gradient":""},"tablet":{"background-color":"","background-image":"","background-repeat":"repeat","background-position":"center center","background-size":"auto","background-attachment":"scroll","background-type":"","background-media":"","overlay-type":"","overlay-color":"","overlay-opacity":"","overlay-gradient":""},"mobile":{"background-color":"","background-image":"","background-repeat":"repeat","background-position":"center center","background-size":"auto","background-attachment":"scroll","background-type":"","background-media":"","overlay-type":"","overlay-color":"","overlay-opacity":"","overlay-gradient":""}},"ast-content-background-meta":{"desktop":{"background-color":"var(--ast-global-color-5)","background-image":"","background-repeat":"repeat","background-position":"center center","background-size":"auto","background-attachment":"scroll","background-type":"","background-media":"","overlay-type":"","overlay-color":"","overlay-opacity":"","overlay-gradient":""},"tablet":{"background-color":"var(--ast-global-color-5)","background-image":"","background-repeat":"repeat","background-position":"center center","background-size":"auto","background-attachment":"scroll","background-type":"","background-media":"","overlay-type":"","overlay-color":"","overlay-opacity":"","overlay-gradient":""},"mobile":{"background-color":"var(--ast-global-color-5)","background-image":"","background-repeat":"repeat","background-position":"center center","background-size":"auto","background-attachment":"scroll","background-type":"","background-media":"","overlay-type":"","overlay-color":"","overlay-opacity":"","overlay-gradient":""}},"footnotes":""},"class_list":["post-1666944","flp_evenement","type-flp_evenement","status-publish","hentry","flp_tax_edition-36"],"acf":[],"yoast_head":"<!-- This site is optimized with the Yoast SEO plugin v27.5 - https:\/\/yoast.com\/product\/yoast-seo-wordpress\/ -->\n<title>Auteurs acad\u00e9mie - Fiert\u00e9 litt\u00e9raire<\/title>\n<meta name=\"robots\" content=\"index, follow, max-snippet:-1, max-image-preview:large, max-video-preview:-1\" \/>\n<link rel=\"canonical\" href=\"https:\/\/www.fiertelitteraire.ca\/en\/edition\/2018\/auteurs-academie\/\" \/>\n<meta property=\"og:locale\" content=\"en_US\" \/>\n<meta property=\"og:type\" content=\"article\" \/>\n<meta property=\"og:title\" content=\"Auteurs acad\u00e9mie - Fiert\u00e9 litt\u00e9raire\" \/>\n<meta property=\"og:description\" content=\"R\u00e9sum\u00e9 de l\u2019\u00e9v\u00e8nement tir\u00e9 du\u00a0blog de Denis-Martin Chabot D\u2019abord, son concours litt\u00e9raire a pris une nouvelle forme. Inspir\u00e9 des t\u00e9l\u00e9-r\u00e9alit\u00e9s&nbsp;La Voix&nbsp;et&nbsp;Star Acad\u00e9mie&nbsp;\u00e0 TVA, nous avons cr\u00e9\u00e9 un concours litt\u00e9raire nouveau genre,&nbsp;Auteurs Acad\u00e9mie. Le prix \u00e0 gagner : la publication d\u2019un roman ou recueil de po\u00e9sie par notre partenaire BouquinBec. Le gagnant ou la gagnante obtient [&hellip;]\" \/>\n<meta property=\"og:url\" content=\"https:\/\/www.fiertelitteraire.ca\/en\/edition\/2018\/auteurs-academie\/\" \/>\n<meta property=\"og:site_name\" content=\"Fiert\u00e9 litt\u00e9raire\" \/>\n<meta property=\"article:publisher\" content=\"https:\/\/www.facebook.com\/FierteLitteraire\" \/>\n<meta property=\"article:modified_time\" content=\"2026-01-24T22:54:48+00:00\" \/>\n<meta name=\"twitter:card\" content=\"summary_large_image\" \/>\n<script type=\"application\/ld+json\" class=\"yoast-schema-graph\">{\"@context\":\"https:\\\/\\\/schema.org\",\"@graph\":[{\"@type\":\"WebPage\",\"@id\":\"https:\\\/\\\/www.fiertelitteraire.ca\\\/edition\\\/2018\\\/auteurs-academie\\\/\",\"url\":\"https:\\\/\\\/www.fiertelitteraire.ca\\\/edition\\\/2018\\\/auteurs-academie\\\/\",\"name\":\"Auteurs acad\u00e9mie - Fiert\u00e9 litt\u00e9raire\",\"isPartOf\":{\"@id\":\"https:\\\/\\\/www.fiertelitteraire.ca\\\/#website\"},\"datePublished\":\"2024-07-16T18:14:18+00:00\",\"dateModified\":\"2026-01-24T22:54:48+00:00\",\"breadcrumb\":{\"@id\":\"https:\\\/\\\/www.fiertelitteraire.ca\\\/edition\\\/2018\\\/auteurs-academie\\\/#breadcrumb\"},\"inLanguage\":\"en-CA\",\"potentialAction\":[{\"@type\":\"ReadAction\",\"target\":[\"https:\\\/\\\/www.fiertelitteraire.ca\\\/edition\\\/2018\\\/auteurs-academie\\\/\"]}]},{\"@type\":\"BreadcrumbList\",\"@id\":\"https:\\\/\\\/www.fiertelitteraire.ca\\\/edition\\\/2018\\\/auteurs-academie\\\/#breadcrumb\",\"itemListElement\":[{\"@type\":\"ListItem\",\"position\":1,\"name\":\"Accueil\",\"item\":\"https:\\\/\\\/www.fiertelitteraire.ca\\\/\"},{\"@type\":\"ListItem\",\"position\":2,\"name\":\"Auteurs acad\u00e9mie\"}]},{\"@type\":\"WebSite\",\"@id\":\"https:\\\/\\\/www.fiertelitteraire.ca\\\/#website\",\"url\":\"https:\\\/\\\/www.fiertelitteraire.ca\\\/\",\"name\":\"Fiert\u00e9 litt\u00e9raire\",\"description\":\"OBNL litt\u00e9raire 2SLGBTQIA francophone\",\"publisher\":{\"@id\":\"https:\\\/\\\/www.fiertelitteraire.ca\\\/#organization\"},\"potentialAction\":[{\"@type\":\"SearchAction\",\"target\":{\"@type\":\"EntryPoint\",\"urlTemplate\":\"https:\\\/\\\/www.fiertelitteraire.ca\\\/?s={search_term_string}\"},\"query-input\":{\"@type\":\"PropertyValueSpecification\",\"valueRequired\":true,\"valueName\":\"search_term_string\"}}],\"inLanguage\":\"en-CA\"},{\"@type\":\"Organization\",\"@id\":\"https:\\\/\\\/www.fiertelitteraire.ca\\\/#organization\",\"name\":\"Fiert\u00e9 Litt\u00e9raire\",\"url\":\"https:\\\/\\\/www.fiertelitteraire.ca\\\/\",\"logo\":{\"@type\":\"ImageObject\",\"inLanguage\":\"en-CA\",\"@id\":\"https:\\\/\\\/www.fiertelitteraire.ca\\\/#\\\/schema\\\/logo\\\/image\\\/\",\"url\":\"https:\\\/\\\/fiertelitteraire.ca\\\/wp-content\\\/uploads\\\/2023\\\/06\\\/FIERTE-LIT-logo-BLANC-coul-carre.jpg\",\"contentUrl\":\"https:\\\/\\\/fiertelitteraire.ca\\\/wp-content\\\/uploads\\\/2023\\\/06\\\/FIERTE-LIT-logo-BLANC-coul-carre.jpg\",\"width\":1300,\"height\":1300,\"caption\":\"Fiert\u00e9 Litt\u00e9raire\"},\"image\":{\"@id\":\"https:\\\/\\\/www.fiertelitteraire.ca\\\/#\\\/schema\\\/logo\\\/image\\\/\"},\"sameAs\":[\"https:\\\/\\\/www.facebook.com\\\/FierteLitteraire\",\"https:\\\/\\\/www.youtube.com\\\/@fiertelitteraire8239\",\"https:\\\/\\\/www.instagram.com\\\/fiertelitteraire\\\/\"]}]}<\/script>\n<!-- \/ Yoast SEO plugin. -->","yoast_head_json":{"title":"Auteurs acad\u00e9mie - Fiert\u00e9 litt\u00e9raire","robots":{"index":"index","follow":"follow","max-snippet":"max-snippet:-1","max-image-preview":"max-image-preview:large","max-video-preview":"max-video-preview:-1"},"canonical":"https:\/\/www.fiertelitteraire.ca\/en\/edition\/2018\/auteurs-academie\/","og_locale":"en_US","og_type":"article","og_title":"Auteurs acad\u00e9mie - Fiert\u00e9 litt\u00e9raire","og_description":"R\u00e9sum\u00e9 de l\u2019\u00e9v\u00e8nement tir\u00e9 du\u00a0blog de Denis-Martin Chabot D\u2019abord, son concours litt\u00e9raire a pris une nouvelle forme. Inspir\u00e9 des t\u00e9l\u00e9-r\u00e9alit\u00e9s&nbsp;La Voix&nbsp;et&nbsp;Star Acad\u00e9mie&nbsp;\u00e0 TVA, nous avons cr\u00e9\u00e9 un concours litt\u00e9raire nouveau genre,&nbsp;Auteurs Acad\u00e9mie. Le prix \u00e0 gagner : la publication d\u2019un roman ou recueil de po\u00e9sie par notre partenaire BouquinBec. Le gagnant ou la gagnante obtient [&hellip;]","og_url":"https:\/\/www.fiertelitteraire.ca\/en\/edition\/2018\/auteurs-academie\/","og_site_name":"Fiert\u00e9 litt\u00e9raire","article_publisher":"https:\/\/www.facebook.com\/FierteLitteraire","article_modified_time":"2026-01-24T22:54:48+00:00","twitter_card":"summary_large_image","schema":{"@context":"https:\/\/schema.org","@graph":[{"@type":"WebPage","@id":"https:\/\/www.fiertelitteraire.ca\/edition\/2018\/auteurs-academie\/","url":"https:\/\/www.fiertelitteraire.ca\/edition\/2018\/auteurs-academie\/","name":"Auteurs acad\u00e9mie - Fiert\u00e9 litt\u00e9raire","isPartOf":{"@id":"https:\/\/www.fiertelitteraire.ca\/#website"},"datePublished":"2024-07-16T18:14:18+00:00","dateModified":"2026-01-24T22:54:48+00:00","breadcrumb":{"@id":"https:\/\/www.fiertelitteraire.ca\/edition\/2018\/auteurs-academie\/#breadcrumb"},"inLanguage":"en-CA","potentialAction":[{"@type":"ReadAction","target":["https:\/\/www.fiertelitteraire.ca\/edition\/2018\/auteurs-academie\/"]}]},{"@type":"BreadcrumbList","@id":"https:\/\/www.fiertelitteraire.ca\/edition\/2018\/auteurs-academie\/#breadcrumb","itemListElement":[{"@type":"ListItem","position":1,"name":"Accueil","item":"https:\/\/www.fiertelitteraire.ca\/"},{"@type":"ListItem","position":2,"name":"Auteurs acad\u00e9mie"}]},{"@type":"WebSite","@id":"https:\/\/www.fiertelitteraire.ca\/#website","url":"https:\/\/www.fiertelitteraire.ca\/","name":"Fiert\u00e9 litt\u00e9raire","description":"OBNL litt\u00e9raire 2SLGBTQIA francophone","publisher":{"@id":"https:\/\/www.fiertelitteraire.ca\/#organization"},"potentialAction":[{"@type":"SearchAction","target":{"@type":"EntryPoint","urlTemplate":"https:\/\/www.fiertelitteraire.ca\/?s={search_term_string}"},"query-input":{"@type":"PropertyValueSpecification","valueRequired":true,"valueName":"search_term_string"}}],"inLanguage":"en-CA"},{"@type":"Organization","@id":"https:\/\/www.fiertelitteraire.ca\/#organization","name":"Fiert\u00e9 Litt\u00e9raire","url":"https:\/\/www.fiertelitteraire.ca\/","logo":{"@type":"ImageObject","inLanguage":"en-CA","@id":"https:\/\/www.fiertelitteraire.ca\/#\/schema\/logo\/image\/","url":"https:\/\/fiertelitteraire.ca\/wp-content\/uploads\/2023\/06\/FIERTE-LIT-logo-BLANC-coul-carre.jpg","contentUrl":"https:\/\/fiertelitteraire.ca\/wp-content\/uploads\/2023\/06\/FIERTE-LIT-logo-BLANC-coul-carre.jpg","width":1300,"height":1300,"caption":"Fiert\u00e9 Litt\u00e9raire"},"image":{"@id":"https:\/\/www.fiertelitteraire.ca\/#\/schema\/logo\/image\/"},"sameAs":["https:\/\/www.facebook.com\/FierteLitteraire","https:\/\/www.youtube.com\/@fiertelitteraire8239","https:\/\/www.instagram.com\/fiertelitteraire\/"]}]}},"_links":{"self":[{"href":"https:\/\/www.fiertelitteraire.ca\/en\/wp-json\/wp\/v2\/flp_evenement\/1666944","targetHints":{"allow":["GET"]}}],"collection":[{"href":"https:\/\/www.fiertelitteraire.ca\/en\/wp-json\/wp\/v2\/flp_evenement"}],"about":[{"href":"https:\/\/www.fiertelitteraire.ca\/en\/wp-json\/wp\/v2\/types\/flp_evenement"}],"version-history":[{"count":2,"href":"https:\/\/www.fiertelitteraire.ca\/en\/wp-json\/wp\/v2\/flp_evenement\/1666944\/revisions"}],"predecessor-version":[{"id":3342310,"href":"https:\/\/www.fiertelitteraire.ca\/en\/wp-json\/wp\/v2\/flp_evenement\/1666944\/revisions\/3342310"}],"wp:attachment":[{"href":"https:\/\/www.fiertelitteraire.ca\/en\/wp-json\/wp\/v2\/media?parent=1666944"}],"curies":[{"name":"wp","href":"https:\/\/api.w.org\/{rel}","templated":true}]}}