{"id":1320319,"date":"2024-06-04T13:56:39","date_gmt":"2024-06-04T17:56:39","guid":{"rendered":"https:\/\/fiertelitteraire.ca\/?post_type=flp_evenement&#038;p=1320319"},"modified":"2026-01-23T19:02:52","modified_gmt":"2026-01-24T00:02:52","slug":"espace-litteraire-bienveillant-2024","status":"publish","type":"flp_evenement","link":"https:\/\/www.fiertelitteraire.ca\/en\/edition\/2024\/espace-litteraire-bienveillant-2024\/","title":{"rendered":"Espace litt\u00e9raire bienveillant"},"content":{"rendered":"<p>Fiert\u00e9 litt\u00e9raire propose l\u2019<strong>Espace litt\u00e9raire bienveillant<\/strong>, des ateliers, des s\u00e9minaires ou des rencontres dans le cadre d\u2019une activit\u00e9 conviviale, discr\u00e8te, bienveillante. Des artistes litt\u00e9raires proposent des \u00e9changes sur l\u2019\u00e9criture, la po\u00e9sie, la prose, l\u2019inspiration, etc. Cet espace permet aux personnes qui, pour les raisons qui leur appartiennent, ne veulent pas ou ne peuvent pas participer \u00e0 des activit\u00e9s grand public dans lesquelles, le caract\u00e8re queer est ostensible. Fiert\u00e9 litt\u00e9raire respecte leurs besoins. <\/p>\n\n\n\n<p>No live broadcast.<\/p>","protected":false},"template":"","meta":{"_acf_changed":false,"site-sidebar-layout":"default","site-content-layout":"","ast-site-content-layout":"default","site-content-style":"default","site-sidebar-style":"default","ast-global-header-display":"","ast-banner-title-visibility":"","ast-main-header-display":"","ast-hfb-above-header-display":"","ast-hfb-below-header-display":"","ast-hfb-mobile-header-display":"","site-post-title":"","ast-breadcrumbs-content":"","ast-featured-img":"","footer-sml-layout":"","ast-disable-related-posts":"","theme-transparent-header-meta":"","adv-header-id-meta":"","stick-header-meta":"","header-above-stick-meta":"","header-main-stick-meta":"","header-below-stick-meta":"","astra-migrate-meta-layouts":"set","ast-page-background-enabled":"default","ast-page-background-meta":{"desktop":{"background-color":"var(--ast-global-color-4)","background-image":"","background-repeat":"repeat","background-position":"center center","background-size":"auto","background-attachment":"scroll","background-type":"","background-media":"","overlay-type":"","overlay-color":"","overlay-opacity":"","overlay-gradient":""},"tablet":{"background-color":"","background-image":"","background-repeat":"repeat","background-position":"center center","background-size":"auto","background-attachment":"scroll","background-type":"","background-media":"","overlay-type":"","overlay-color":"","overlay-opacity":"","overlay-gradient":""},"mobile":{"background-color":"","background-image":"","background-repeat":"repeat","background-position":"center center","background-size":"auto","background-attachment":"scroll","background-type":"","background-media":"","overlay-type":"","overlay-color":"","overlay-opacity":"","overlay-gradient":""}},"ast-content-background-meta":{"desktop":{"background-color":"var(--ast-global-color-5)","background-image":"","background-repeat":"repeat","background-position":"center center","background-size":"auto","background-attachment":"scroll","background-type":"","background-media":"","overlay-type":"","overlay-color":"","overlay-opacity":"","overlay-gradient":""},"tablet":{"background-color":"var(--ast-global-color-5)","background-image":"","background-repeat":"repeat","background-position":"center center","background-size":"auto","background-attachment":"scroll","background-type":"","background-media":"","overlay-type":"","overlay-color":"","overlay-opacity":"","overlay-gradient":""},"mobile":{"background-color":"var(--ast-global-color-5)","background-image":"","background-repeat":"repeat","background-position":"center center","background-size":"auto","background-attachment":"scroll","background-type":"","background-media":"","overlay-type":"","overlay-color":"","overlay-opacity":"","overlay-gradient":""}},"footnotes":""},"class_list":["post-1320319","flp_evenement","type-flp_evenement","status-publish","hentry","flp_tax_edition-26"],"acf":[],"yoast_head":"<!-- This site is optimized with the Yoast SEO plugin v27.0 - https:\/\/yoast.com\/product\/yoast-seo-wordpress\/ -->\n<title>Espace litt\u00e9raire bienveillant - Fiert\u00e9 litt\u00e9raire<\/title>\n<meta name=\"robots\" content=\"index, follow, max-snippet:-1, max-image-preview:large, max-video-preview:-1\" \/>\n<link rel=\"canonical\" href=\"https:\/\/www.fiertelitteraire.ca\/en\/edition\/2024\/espace-litteraire-bienveillant-3\/\" \/>\n<meta property=\"og:locale\" content=\"en_US\" \/>\n<meta property=\"og:type\" content=\"article\" \/>\n<meta property=\"og:title\" content=\"Espace litt\u00e9raire bienveillant - Fiert\u00e9 litt\u00e9raire\" \/>\n<meta property=\"og:description\" content=\"Fiert\u00e9 litt\u00e9raire propose l\u2019Espace litt\u00e9raire bienveillant, des ateliers, des s\u00e9minaires ou des rencontres dans le cadre d\u2019une activit\u00e9 conviviale, discr\u00e8te, bienveillante. Des artistes litt\u00e9raires proposent des \u00e9changes sur l\u2019\u00e9criture, la po\u00e9sie, la prose, l\u2019inspiration, etc. Cet espace permet aux personnes qui, pour les raisons qui leur appartiennent, ne veulent pas ou ne peuvent pas participer [&hellip;]\" \/>\n<meta property=\"og:url\" content=\"https:\/\/www.fiertelitteraire.ca\/en\/edition\/2024\/espace-litteraire-bienveillant-3\/\" \/>\n<meta property=\"og:site_name\" content=\"Fiert\u00e9 litt\u00e9raire\" \/>\n<meta property=\"article:publisher\" content=\"https:\/\/www.facebook.com\/FierteLitteraire\" \/>\n<meta property=\"article:modified_time\" content=\"2026-01-24T00:02:52+00:00\" \/>\n<meta name=\"twitter:card\" content=\"summary_large_image\" \/>\n<script type=\"application\/ld+json\" class=\"yoast-schema-graph\">{\"@context\":\"https:\/\/schema.org\",\"@graph\":[{\"@type\":\"WebPage\",\"@id\":\"https:\/\/www.fiertelitteraire.ca\/edition\/2024\/espace-litteraire-bienveillant-3\/\",\"url\":\"https:\/\/www.fiertelitteraire.ca\/edition\/2024\/espace-litteraire-bienveillant-3\/\",\"name\":\"Espace litt\u00e9raire bienveillant - Fiert\u00e9 litt\u00e9raire\",\"isPartOf\":{\"@id\":\"https:\/\/www.fiertelitteraire.ca\/#website\"},\"datePublished\":\"2024-06-04T17:56:39+00:00\",\"dateModified\":\"2026-01-24T00:02:52+00:00\",\"breadcrumb\":{\"@id\":\"https:\/\/www.fiertelitteraire.ca\/edition\/2024\/espace-litteraire-bienveillant-3\/#breadcrumb\"},\"inLanguage\":\"en-CA\",\"potentialAction\":[{\"@type\":\"ReadAction\",\"target\":[\"https:\/\/www.fiertelitteraire.ca\/edition\/2024\/espace-litteraire-bienveillant-3\/\"]}]},{\"@type\":\"BreadcrumbList\",\"@id\":\"https:\/\/www.fiertelitteraire.ca\/edition\/2024\/espace-litteraire-bienveillant-3\/#breadcrumb\",\"itemListElement\":[{\"@type\":\"ListItem\",\"position\":1,\"name\":\"Accueil\",\"item\":\"https:\/\/www.fiertelitteraire.ca\/\"},{\"@type\":\"ListItem\",\"position\":2,\"name\":\"Espace litt\u00e9raire bienveillant\"}]},{\"@type\":\"WebSite\",\"@id\":\"https:\/\/www.fiertelitteraire.ca\/#website\",\"url\":\"https:\/\/www.fiertelitteraire.ca\/\",\"name\":\"Fiert\u00e9 litt\u00e9raire\",\"description\":\"OBNL litt\u00e9raire 2SLGBTQIA francophone\",\"publisher\":{\"@id\":\"https:\/\/www.fiertelitteraire.ca\/#organization\"},\"potentialAction\":[{\"@type\":\"SearchAction\",\"target\":{\"@type\":\"EntryPoint\",\"urlTemplate\":\"https:\/\/www.fiertelitteraire.ca\/?s={search_term_string}\"},\"query-input\":{\"@type\":\"PropertyValueSpecification\",\"valueRequired\":true,\"valueName\":\"search_term_string\"}}],\"inLanguage\":\"en-CA\"},{\"@type\":\"Organization\",\"@id\":\"https:\/\/www.fiertelitteraire.ca\/#organization\",\"name\":\"Fiert\u00e9 Litt\u00e9raire\",\"url\":\"https:\/\/www.fiertelitteraire.ca\/\",\"logo\":{\"@type\":\"ImageObject\",\"inLanguage\":\"en-CA\",\"@id\":\"https:\/\/www.fiertelitteraire.ca\/#\/schema\/logo\/image\/\",\"url\":\"https:\/\/fiertelitteraire.ca\/wp-content\/uploads\/2023\/06\/FIERTE-LIT-logo-BLANC-coul-carre.jpg\",\"contentUrl\":\"https:\/\/fiertelitteraire.ca\/wp-content\/uploads\/2023\/06\/FIERTE-LIT-logo-BLANC-coul-carre.jpg\",\"width\":1300,\"height\":1300,\"caption\":\"Fiert\u00e9 Litt\u00e9raire\"},\"image\":{\"@id\":\"https:\/\/www.fiertelitteraire.ca\/#\/schema\/logo\/image\/\"},\"sameAs\":[\"https:\/\/www.facebook.com\/FierteLitteraire\",\"https:\/\/www.youtube.com\/@fiertelitteraire8239\",\"https:\/\/www.instagram.com\/fiertelitteraire\/\"]}]}<\/script>\n<!-- \/ Yoast SEO plugin. -->","yoast_head_json":{"title":"Espace litt\u00e9raire bienveillant - Fiert\u00e9 litt\u00e9raire","robots":{"index":"index","follow":"follow","max-snippet":"max-snippet:-1","max-image-preview":"max-image-preview:large","max-video-preview":"max-video-preview:-1"},"canonical":"https:\/\/www.fiertelitteraire.ca\/en\/edition\/2024\/espace-litteraire-bienveillant-3\/","og_locale":"en_US","og_type":"article","og_title":"Espace litt\u00e9raire bienveillant - Fiert\u00e9 litt\u00e9raire","og_description":"Fiert\u00e9 litt\u00e9raire propose l\u2019Espace litt\u00e9raire bienveillant, des ateliers, des s\u00e9minaires ou des rencontres dans le cadre d\u2019une activit\u00e9 conviviale, discr\u00e8te, bienveillante. Des artistes litt\u00e9raires proposent des \u00e9changes sur l\u2019\u00e9criture, la po\u00e9sie, la prose, l\u2019inspiration, etc. Cet espace permet aux personnes qui, pour les raisons qui leur appartiennent, ne veulent pas ou ne peuvent pas participer [&hellip;]","og_url":"https:\/\/www.fiertelitteraire.ca\/en\/edition\/2024\/espace-litteraire-bienveillant-3\/","og_site_name":"Fiert\u00e9 litt\u00e9raire","article_publisher":"https:\/\/www.facebook.com\/FierteLitteraire","article_modified_time":"2026-01-24T00:02:52+00:00","twitter_card":"summary_large_image","schema":{"@context":"https:\/\/schema.org","@graph":[{"@type":"WebPage","@id":"https:\/\/www.fiertelitteraire.ca\/edition\/2024\/espace-litteraire-bienveillant-3\/","url":"https:\/\/www.fiertelitteraire.ca\/edition\/2024\/espace-litteraire-bienveillant-3\/","name":"Espace litt\u00e9raire bienveillant - Fiert\u00e9 litt\u00e9raire","isPartOf":{"@id":"https:\/\/www.fiertelitteraire.ca\/#website"},"datePublished":"2024-06-04T17:56:39+00:00","dateModified":"2026-01-24T00:02:52+00:00","breadcrumb":{"@id":"https:\/\/www.fiertelitteraire.ca\/edition\/2024\/espace-litteraire-bienveillant-3\/#breadcrumb"},"inLanguage":"en-CA","potentialAction":[{"@type":"ReadAction","target":["https:\/\/www.fiertelitteraire.ca\/edition\/2024\/espace-litteraire-bienveillant-3\/"]}]},{"@type":"BreadcrumbList","@id":"https:\/\/www.fiertelitteraire.ca\/edition\/2024\/espace-litteraire-bienveillant-3\/#breadcrumb","itemListElement":[{"@type":"ListItem","position":1,"name":"Accueil","item":"https:\/\/www.fiertelitteraire.ca\/"},{"@type":"ListItem","position":2,"name":"Espace litt\u00e9raire bienveillant"}]},{"@type":"WebSite","@id":"https:\/\/www.fiertelitteraire.ca\/#website","url":"https:\/\/www.fiertelitteraire.ca\/","name":"Fiert\u00e9 litt\u00e9raire","description":"OBNL litt\u00e9raire 2SLGBTQIA francophone","publisher":{"@id":"https:\/\/www.fiertelitteraire.ca\/#organization"},"potentialAction":[{"@type":"SearchAction","target":{"@type":"EntryPoint","urlTemplate":"https:\/\/www.fiertelitteraire.ca\/?s={search_term_string}"},"query-input":{"@type":"PropertyValueSpecification","valueRequired":true,"valueName":"search_term_string"}}],"inLanguage":"en-CA"},{"@type":"Organization","@id":"https:\/\/www.fiertelitteraire.ca\/#organization","name":"Fiert\u00e9 Litt\u00e9raire","url":"https:\/\/www.fiertelitteraire.ca\/","logo":{"@type":"ImageObject","inLanguage":"en-CA","@id":"https:\/\/www.fiertelitteraire.ca\/#\/schema\/logo\/image\/","url":"https:\/\/fiertelitteraire.ca\/wp-content\/uploads\/2023\/06\/FIERTE-LIT-logo-BLANC-coul-carre.jpg","contentUrl":"https:\/\/fiertelitteraire.ca\/wp-content\/uploads\/2023\/06\/FIERTE-LIT-logo-BLANC-coul-carre.jpg","width":1300,"height":1300,"caption":"Fiert\u00e9 Litt\u00e9raire"},"image":{"@id":"https:\/\/www.fiertelitteraire.ca\/#\/schema\/logo\/image\/"},"sameAs":["https:\/\/www.facebook.com\/FierteLitteraire","https:\/\/www.youtube.com\/@fiertelitteraire8239","https:\/\/www.instagram.com\/fiertelitteraire\/"]}]}},"_links":{"self":[{"href":"https:\/\/www.fiertelitteraire.ca\/en\/wp-json\/wp\/v2\/flp_evenement\/1320319","targetHints":{"allow":["GET"]}}],"collection":[{"href":"https:\/\/www.fiertelitteraire.ca\/en\/wp-json\/wp\/v2\/flp_evenement"}],"about":[{"href":"https:\/\/www.fiertelitteraire.ca\/en\/wp-json\/wp\/v2\/types\/flp_evenement"}],"version-history":[{"count":2,"href":"https:\/\/www.fiertelitteraire.ca\/en\/wp-json\/wp\/v2\/flp_evenement\/1320319\/revisions"}],"predecessor-version":[{"id":3339244,"href":"https:\/\/www.fiertelitteraire.ca\/en\/wp-json\/wp\/v2\/flp_evenement\/1320319\/revisions\/3339244"}],"wp:attachment":[{"href":"https:\/\/www.fiertelitteraire.ca\/en\/wp-json\/wp\/v2\/media?parent=1320319"}],"curies":[{"name":"wp","href":"https:\/\/api.w.org\/{rel}","templated":true}]}}