{"id":1300772,"date":"2024-05-28T21:29:47","date_gmt":"2024-05-29T01:29:47","guid":{"rendered":"https:\/\/fiertelitteraire.ca\/?post_type=flp_evenement&#038;p=1300772"},"modified":"2026-01-23T17:37:56","modified_gmt":"2026-01-23T22:37:56","slug":"queer-academie-la-selection-2024","status":"publish","type":"flp_evenement","link":"https:\/\/www.fiertelitteraire.ca\/en\/edition\/2024\/queer-academie-la-selection-2024\/","title":{"rendered":"Queer acad\u00e9mie : la s\u00e9lection"},"content":{"rendered":"<p class=\"has-text-align-left\">Quatre personnes mentores choisissent \u00e0 l\u2019aveugle (des com\u00e9dien\u00b7ne\u00b7s lisent les textes soumis) deux recrues. Puis, ils, elles et iels les guident pendant deux semaines pour les pr\u00e9parer aux autres \u00e9preuves qui seront pr\u00e9sent\u00e9es lors de la finale.<\/p>\n\n\n\n<p class=\"has-text-align-left\">Diffusion en direct sur la chaine YouTube de Fiert\u00e9 litt\u00e9raire : @fiertelitteraire8239<\/p>","protected":false},"template":"","meta":{"_acf_changed":false,"site-sidebar-layout":"default","site-content-layout":"","ast-site-content-layout":"default","site-content-style":"default","site-sidebar-style":"default","ast-global-header-display":"","ast-banner-title-visibility":"","ast-main-header-display":"","ast-hfb-above-header-display":"","ast-hfb-below-header-display":"","ast-hfb-mobile-header-display":"","site-post-title":"","ast-breadcrumbs-content":"","ast-featured-img":"","footer-sml-layout":"","ast-disable-related-posts":"","theme-transparent-header-meta":"","adv-header-id-meta":"","stick-header-meta":"","header-above-stick-meta":"","header-main-stick-meta":"","header-below-stick-meta":"","astra-migrate-meta-layouts":"set","ast-page-background-enabled":"default","ast-page-background-meta":{"desktop":{"background-color":"var(--ast-global-color-4)","background-image":"","background-repeat":"repeat","background-position":"center center","background-size":"auto","background-attachment":"scroll","background-type":"","background-media":"","overlay-type":"","overlay-color":"","overlay-opacity":"","overlay-gradient":""},"tablet":{"background-color":"","background-image":"","background-repeat":"repeat","background-position":"center center","background-size":"auto","background-attachment":"scroll","background-type":"","background-media":"","overlay-type":"","overlay-color":"","overlay-opacity":"","overlay-gradient":""},"mobile":{"background-color":"","background-image":"","background-repeat":"repeat","background-position":"center center","background-size":"auto","background-attachment":"scroll","background-type":"","background-media":"","overlay-type":"","overlay-color":"","overlay-opacity":"","overlay-gradient":""}},"ast-content-background-meta":{"desktop":{"background-color":"var(--ast-global-color-5)","background-image":"","background-repeat":"repeat","background-position":"center center","background-size":"auto","background-attachment":"scroll","background-type":"","background-media":"","overlay-type":"","overlay-color":"","overlay-opacity":"","overlay-gradient":""},"tablet":{"background-color":"var(--ast-global-color-5)","background-image":"","background-repeat":"repeat","background-position":"center center","background-size":"auto","background-attachment":"scroll","background-type":"","background-media":"","overlay-type":"","overlay-color":"","overlay-opacity":"","overlay-gradient":""},"mobile":{"background-color":"var(--ast-global-color-5)","background-image":"","background-repeat":"repeat","background-position":"center center","background-size":"auto","background-attachment":"scroll","background-type":"","background-media":"","overlay-type":"","overlay-color":"","overlay-opacity":"","overlay-gradient":""}},"footnotes":""},"class_list":["post-1300772","flp_evenement","type-flp_evenement","status-publish","hentry","flp_tax_edition-26"],"acf":[],"yoast_head":"<!-- This site is optimized with the Yoast SEO plugin v27.0 - https:\/\/yoast.com\/product\/yoast-seo-wordpress\/ -->\n<title>Queer acad\u00e9mie : la s\u00e9lection - Fiert\u00e9 litt\u00e9raire<\/title>\n<meta name=\"robots\" content=\"index, follow, max-snippet:-1, max-image-preview:large, max-video-preview:-1\" \/>\n<link rel=\"canonical\" href=\"https:\/\/www.fiertelitteraire.ca\/en\/edition\/2024\/queer-academie-la-selection\/\" \/>\n<meta property=\"og:locale\" content=\"en_US\" \/>\n<meta property=\"og:type\" content=\"article\" \/>\n<meta property=\"og:title\" content=\"Queer acad\u00e9mie : la s\u00e9lection - Fiert\u00e9 litt\u00e9raire\" \/>\n<meta property=\"og:description\" content=\"Quatre personnes mentores choisissent \u00e0 l\u2019aveugle (des com\u00e9dien\u00b7ne\u00b7s lisent les textes soumis) deux recrues. Puis, ils, elles et iels les guident pendant deux semaines pour les pr\u00e9parer aux autres \u00e9preuves qui seront pr\u00e9sent\u00e9es lors de la finale. Diffusion en direct sur la chaine YouTube de Fiert\u00e9 litt\u00e9raire : @fiertelitteraire8239\" \/>\n<meta property=\"og:url\" content=\"https:\/\/www.fiertelitteraire.ca\/en\/edition\/2024\/queer-academie-la-selection\/\" \/>\n<meta property=\"og:site_name\" content=\"Fiert\u00e9 litt\u00e9raire\" \/>\n<meta property=\"article:publisher\" content=\"https:\/\/www.facebook.com\/FierteLitteraire\" \/>\n<meta property=\"article:modified_time\" content=\"2026-01-23T22:37:56+00:00\" \/>\n<meta name=\"twitter:card\" content=\"summary_large_image\" \/>\n<script type=\"application\/ld+json\" class=\"yoast-schema-graph\">{\"@context\":\"https:\/\/schema.org\",\"@graph\":[{\"@type\":\"WebPage\",\"@id\":\"https:\/\/www.fiertelitteraire.ca\/edition\/2024\/queer-academie-la-selection\/\",\"url\":\"https:\/\/www.fiertelitteraire.ca\/edition\/2024\/queer-academie-la-selection\/\",\"name\":\"Queer acad\u00e9mie : la s\u00e9lection - Fiert\u00e9 litt\u00e9raire\",\"isPartOf\":{\"@id\":\"https:\/\/www.fiertelitteraire.ca\/#website\"},\"datePublished\":\"2024-05-29T01:29:47+00:00\",\"dateModified\":\"2026-01-23T22:37:56+00:00\",\"breadcrumb\":{\"@id\":\"https:\/\/www.fiertelitteraire.ca\/edition\/2024\/queer-academie-la-selection\/#breadcrumb\"},\"inLanguage\":\"en-CA\",\"potentialAction\":[{\"@type\":\"ReadAction\",\"target\":[\"https:\/\/www.fiertelitteraire.ca\/edition\/2024\/queer-academie-la-selection\/\"]}]},{\"@type\":\"BreadcrumbList\",\"@id\":\"https:\/\/www.fiertelitteraire.ca\/edition\/2024\/queer-academie-la-selection\/#breadcrumb\",\"itemListElement\":[{\"@type\":\"ListItem\",\"position\":1,\"name\":\"Accueil\",\"item\":\"https:\/\/www.fiertelitteraire.ca\/\"},{\"@type\":\"ListItem\",\"position\":2,\"name\":\"Queer acad\u00e9mie : la s\u00e9lection\"}]},{\"@type\":\"WebSite\",\"@id\":\"https:\/\/www.fiertelitteraire.ca\/#website\",\"url\":\"https:\/\/www.fiertelitteraire.ca\/\",\"name\":\"Fiert\u00e9 litt\u00e9raire\",\"description\":\"OBNL litt\u00e9raire 2SLGBTQIA francophone\",\"publisher\":{\"@id\":\"https:\/\/www.fiertelitteraire.ca\/#organization\"},\"potentialAction\":[{\"@type\":\"SearchAction\",\"target\":{\"@type\":\"EntryPoint\",\"urlTemplate\":\"https:\/\/www.fiertelitteraire.ca\/?s={search_term_string}\"},\"query-input\":{\"@type\":\"PropertyValueSpecification\",\"valueRequired\":true,\"valueName\":\"search_term_string\"}}],\"inLanguage\":\"en-CA\"},{\"@type\":\"Organization\",\"@id\":\"https:\/\/www.fiertelitteraire.ca\/#organization\",\"name\":\"Fiert\u00e9 Litt\u00e9raire\",\"url\":\"https:\/\/www.fiertelitteraire.ca\/\",\"logo\":{\"@type\":\"ImageObject\",\"inLanguage\":\"en-CA\",\"@id\":\"https:\/\/www.fiertelitteraire.ca\/#\/schema\/logo\/image\/\",\"url\":\"https:\/\/fiertelitteraire.ca\/wp-content\/uploads\/2023\/06\/FIERTE-LIT-logo-BLANC-coul-carre.jpg\",\"contentUrl\":\"https:\/\/fiertelitteraire.ca\/wp-content\/uploads\/2023\/06\/FIERTE-LIT-logo-BLANC-coul-carre.jpg\",\"width\":1300,\"height\":1300,\"caption\":\"Fiert\u00e9 Litt\u00e9raire\"},\"image\":{\"@id\":\"https:\/\/www.fiertelitteraire.ca\/#\/schema\/logo\/image\/\"},\"sameAs\":[\"https:\/\/www.facebook.com\/FierteLitteraire\",\"https:\/\/www.youtube.com\/@fiertelitteraire8239\",\"https:\/\/www.instagram.com\/fiertelitteraire\/\"]}]}<\/script>\n<!-- \/ Yoast SEO plugin. -->","yoast_head_json":{"title":"Queer acad\u00e9mie : la s\u00e9lection - Fiert\u00e9 litt\u00e9raire","robots":{"index":"index","follow":"follow","max-snippet":"max-snippet:-1","max-image-preview":"max-image-preview:large","max-video-preview":"max-video-preview:-1"},"canonical":"https:\/\/www.fiertelitteraire.ca\/en\/edition\/2024\/queer-academie-la-selection\/","og_locale":"en_US","og_type":"article","og_title":"Queer acad\u00e9mie : la s\u00e9lection - Fiert\u00e9 litt\u00e9raire","og_description":"Quatre personnes mentores choisissent \u00e0 l\u2019aveugle (des com\u00e9dien\u00b7ne\u00b7s lisent les textes soumis) deux recrues. Puis, ils, elles et iels les guident pendant deux semaines pour les pr\u00e9parer aux autres \u00e9preuves qui seront pr\u00e9sent\u00e9es lors de la finale. Diffusion en direct sur la chaine YouTube de Fiert\u00e9 litt\u00e9raire : @fiertelitteraire8239","og_url":"https:\/\/www.fiertelitteraire.ca\/en\/edition\/2024\/queer-academie-la-selection\/","og_site_name":"Fiert\u00e9 litt\u00e9raire","article_publisher":"https:\/\/www.facebook.com\/FierteLitteraire","article_modified_time":"2026-01-23T22:37:56+00:00","twitter_card":"summary_large_image","schema":{"@context":"https:\/\/schema.org","@graph":[{"@type":"WebPage","@id":"https:\/\/www.fiertelitteraire.ca\/edition\/2024\/queer-academie-la-selection\/","url":"https:\/\/www.fiertelitteraire.ca\/edition\/2024\/queer-academie-la-selection\/","name":"Queer acad\u00e9mie : la s\u00e9lection - Fiert\u00e9 litt\u00e9raire","isPartOf":{"@id":"https:\/\/www.fiertelitteraire.ca\/#website"},"datePublished":"2024-05-29T01:29:47+00:00","dateModified":"2026-01-23T22:37:56+00:00","breadcrumb":{"@id":"https:\/\/www.fiertelitteraire.ca\/edition\/2024\/queer-academie-la-selection\/#breadcrumb"},"inLanguage":"en-CA","potentialAction":[{"@type":"ReadAction","target":["https:\/\/www.fiertelitteraire.ca\/edition\/2024\/queer-academie-la-selection\/"]}]},{"@type":"BreadcrumbList","@id":"https:\/\/www.fiertelitteraire.ca\/edition\/2024\/queer-academie-la-selection\/#breadcrumb","itemListElement":[{"@type":"ListItem","position":1,"name":"Accueil","item":"https:\/\/www.fiertelitteraire.ca\/"},{"@type":"ListItem","position":2,"name":"Queer acad\u00e9mie : la s\u00e9lection"}]},{"@type":"WebSite","@id":"https:\/\/www.fiertelitteraire.ca\/#website","url":"https:\/\/www.fiertelitteraire.ca\/","name":"Fiert\u00e9 litt\u00e9raire","description":"OBNL litt\u00e9raire 2SLGBTQIA francophone","publisher":{"@id":"https:\/\/www.fiertelitteraire.ca\/#organization"},"potentialAction":[{"@type":"SearchAction","target":{"@type":"EntryPoint","urlTemplate":"https:\/\/www.fiertelitteraire.ca\/?s={search_term_string}"},"query-input":{"@type":"PropertyValueSpecification","valueRequired":true,"valueName":"search_term_string"}}],"inLanguage":"en-CA"},{"@type":"Organization","@id":"https:\/\/www.fiertelitteraire.ca\/#organization","name":"Fiert\u00e9 Litt\u00e9raire","url":"https:\/\/www.fiertelitteraire.ca\/","logo":{"@type":"ImageObject","inLanguage":"en-CA","@id":"https:\/\/www.fiertelitteraire.ca\/#\/schema\/logo\/image\/","url":"https:\/\/fiertelitteraire.ca\/wp-content\/uploads\/2023\/06\/FIERTE-LIT-logo-BLANC-coul-carre.jpg","contentUrl":"https:\/\/fiertelitteraire.ca\/wp-content\/uploads\/2023\/06\/FIERTE-LIT-logo-BLANC-coul-carre.jpg","width":1300,"height":1300,"caption":"Fiert\u00e9 Litt\u00e9raire"},"image":{"@id":"https:\/\/www.fiertelitteraire.ca\/#\/schema\/logo\/image\/"},"sameAs":["https:\/\/www.facebook.com\/FierteLitteraire","https:\/\/www.youtube.com\/@fiertelitteraire8239","https:\/\/www.instagram.com\/fiertelitteraire\/"]}]}},"_links":{"self":[{"href":"https:\/\/www.fiertelitteraire.ca\/en\/wp-json\/wp\/v2\/flp_evenement\/1300772","targetHints":{"allow":["GET"]}}],"collection":[{"href":"https:\/\/www.fiertelitteraire.ca\/en\/wp-json\/wp\/v2\/flp_evenement"}],"about":[{"href":"https:\/\/www.fiertelitteraire.ca\/en\/wp-json\/wp\/v2\/types\/flp_evenement"}],"version-history":[{"count":2,"href":"https:\/\/www.fiertelitteraire.ca\/en\/wp-json\/wp\/v2\/flp_evenement\/1300772\/revisions"}],"predecessor-version":[{"id":3339083,"href":"https:\/\/www.fiertelitteraire.ca\/en\/wp-json\/wp\/v2\/flp_evenement\/1300772\/revisions\/3339083"}],"wp:attachment":[{"href":"https:\/\/www.fiertelitteraire.ca\/en\/wp-json\/wp\/v2\/media?parent=1300772"}],"curies":[{"name":"wp","href":"https:\/\/api.w.org\/{rel}","templated":true}]}}