{"version":"1.0","provider_name":"Fiert\u00e9 litt\u00e9raire","provider_url":"https:\/\/www.fiertelitteraire.ca\/en","author_name":"Fiert\u00e9 litt\u00e9raire","author_url":"https:\/\/www.fiertelitteraire.ca\/en\/blog\/author\/admin\/","title":"Queer acad\u00e9mie : la s\u00e9lection - Fiert\u00e9 litt\u00e9raire","type":"rich","width":600,"height":338,"html":"<blockquote class=\"wp-embedded-content\" data-secret=\"S5GlOo4blM\"><a href=\"https:\/\/www.fiertelitteraire.ca\/en\/edition\/2024\/queer-academie-la-selection-2024\/\">Queer acad\u00e9mie : la s\u00e9lection<\/a><\/blockquote><iframe sandbox=\"allow-scripts\" security=\"restricted\" src=\"https:\/\/www.fiertelitteraire.ca\/en\/edition\/2024\/queer-academie-la-selection-2024\/embed\/#?secret=S5GlOo4blM\" width=\"600\" height=\"338\" title=\"&#8220;Queer acad\u00e9mie : la s\u00e9lection&#8221; &#8212; Fiert\u00e9 litt\u00e9raire\" data-secret=\"S5GlOo4blM\" frameborder=\"0\" marginwidth=\"0\" marginheight=\"0\" scrolling=\"no\" class=\"wp-embedded-content\"><\/iframe><script>\n\/*! This file is auto-generated *\/\n!function(d,l){\"use strict\";l.querySelector&&d.addEventListener&&\"undefined\"!=typeof URL&&(d.wp=d.wp||{},d.wp.receiveEmbedMessage||(d.wp.receiveEmbedMessage=function(e){var t=e.data;if((t||t.secret||t.message||t.value)&&!\/[^a-zA-Z0-9]\/.test(t.secret)){for(var s,r,n,a=l.querySelectorAll('iframe[data-secret=\"'+t.secret+'\"]'),o=l.querySelectorAll('blockquote[data-secret=\"'+t.secret+'\"]'),c=new RegExp(\"^https?:$\",\"i\"),i=0;i<o.length;i++)o[i].style.display=\"none\";for(i=0;i<a.length;i++)s=a[i],e.source===s.contentWindow&&(s.removeAttribute(\"style\"),\"height\"===t.message?(1e3<(r=parseInt(t.value,10))?r=1e3:~~r<200&&(r=200),s.height=r):\"link\"===t.message&&(r=new URL(s.getAttribute(\"src\")),n=new URL(t.value),c.test(n.protocol))&&n.host===r.host&&l.activeElement===s&&(d.top.location.href=t.value))}},d.addEventListener(\"message\",d.wp.receiveEmbedMessage,!1),l.addEventListener(\"DOMContentLoaded\",function(){for(var e,t,s=l.querySelectorAll(\"iframe.wp-embedded-content\"),r=0;r<s.length;r++)(t=(e=s[r]).getAttribute(\"data-secret\"))||(t=Math.random().toString(36).substring(2,12),e.src+=\"#?secret=\"+t,e.setAttribute(\"data-secret\",t)),e.contentWindow.postMessage({message:\"ready\",secret:t},\"*\")},!1)))}(window,document);\n\/\/# sourceURL=https:\/\/www.fiertelitteraire.ca\/wp-includes\/js\/wp-embed.min.js\n<\/script>","description":"Quatre personnes mentores choisissent \u00e0 l\u2019aveugle (des com\u00e9dien\u00b7ne\u00b7s lisent les textes soumis) deux recrues. Puis, ils, elles et iels les guident pendant deux semaines pour les pr\u00e9parer aux autres \u00e9preuves qui seront pr\u00e9sent\u00e9es lors de la finale. Diffusion en direct sur la chaine YouTube de Fiert\u00e9 litt\u00e9raire : @fiertelitteraire8239"}