{"version":"1.0","provider_name":"Fiert\u00e9 litt\u00e9raire","provider_url":"https:\/\/www.fiertelitteraire.ca\/en","author_name":"Fiert\u00e9 litt\u00e9raire","author_url":"https:\/\/www.fiertelitteraire.ca\/en\/blog\/author\/admin\/","title":"Espace litt\u00e9raire bienveillant - Fiert\u00e9 litt\u00e9raire","type":"rich","width":600,"height":338,"html":"<blockquote class=\"wp-embedded-content\" data-secret=\"5RH1rpWRuN\"><a href=\"https:\/\/www.fiertelitteraire.ca\/en\/edition\/2024\/espace-litteraire-bienveillant-2024\/\">Espace litt\u00e9raire bienveillant<\/a><\/blockquote><iframe sandbox=\"allow-scripts\" security=\"restricted\" src=\"https:\/\/www.fiertelitteraire.ca\/en\/edition\/2024\/espace-litteraire-bienveillant-2024\/embed\/#?secret=5RH1rpWRuN\" width=\"600\" height=\"338\" title=\"&#8220;Espace litt\u00e9raire bienveillant&#8221; &#8212; Fiert\u00e9 litt\u00e9raire\" data-secret=\"5RH1rpWRuN\" frameborder=\"0\" marginwidth=\"0\" marginheight=\"0\" scrolling=\"no\" class=\"wp-embedded-content\"><\/iframe><script>\n\/*! This file is auto-generated *\/\n!function(d,l){\"use strict\";l.querySelector&&d.addEventListener&&\"undefined\"!=typeof URL&&(d.wp=d.wp||{},d.wp.receiveEmbedMessage||(d.wp.receiveEmbedMessage=function(e){var t=e.data;if((t||t.secret||t.message||t.value)&&!\/[^a-zA-Z0-9]\/.test(t.secret)){for(var s,r,n,a=l.querySelectorAll('iframe[data-secret=\"'+t.secret+'\"]'),o=l.querySelectorAll('blockquote[data-secret=\"'+t.secret+'\"]'),c=new RegExp(\"^https?:$\",\"i\"),i=0;i<o.length;i++)o[i].style.display=\"none\";for(i=0;i<a.length;i++)s=a[i],e.source===s.contentWindow&&(s.removeAttribute(\"style\"),\"height\"===t.message?(1e3<(r=parseInt(t.value,10))?r=1e3:~~r<200&&(r=200),s.height=r):\"link\"===t.message&&(r=new URL(s.getAttribute(\"src\")),n=new URL(t.value),c.test(n.protocol))&&n.host===r.host&&l.activeElement===s&&(d.top.location.href=t.value))}},d.addEventListener(\"message\",d.wp.receiveEmbedMessage,!1),l.addEventListener(\"DOMContentLoaded\",function(){for(var e,t,s=l.querySelectorAll(\"iframe.wp-embedded-content\"),r=0;r<s.length;r++)(t=(e=s[r]).getAttribute(\"data-secret\"))||(t=Math.random().toString(36).substring(2,12),e.src+=\"#?secret=\"+t,e.setAttribute(\"data-secret\",t)),e.contentWindow.postMessage({message:\"ready\",secret:t},\"*\")},!1)))}(window,document);\n\/\/# sourceURL=https:\/\/www.fiertelitteraire.ca\/wp-includes\/js\/wp-embed.min.js\n<\/script>","description":"Fiert\u00e9 litt\u00e9raire propose l\u2019Espace litt\u00e9raire bienveillant, des ateliers, des s\u00e9minaires ou des rencontres dans le cadre d\u2019une activit\u00e9 conviviale, discr\u00e8te, bienveillante. Des artistes litt\u00e9raires proposent des \u00e9changes sur l\u2019\u00e9criture, la po\u00e9sie, la prose, l\u2019inspiration, etc. Cet espace permet aux personnes qui, pour les raisons qui leur appartiennent, ne veulent pas ou ne peuvent pas participer [&hellip;]"}