{"version":"1.0","provider_name":"Fiert\u00e9 litt\u00e9raire","provider_url":"https:\/\/www.fiertelitteraire.ca\/en","author_name":"Fiert\u00e9 litt\u00e9raire","author_url":"https:\/\/www.fiertelitteraire.ca\/en\/blog\/author\/admin\/","title":"Grand effeuillage litt\u00e9raire - Fiert\u00e9 litt\u00e9raire","type":"rich","width":600,"height":338,"html":"<blockquote class=\"wp-embedded-content\" data-secret=\"F9T6cYRf6G\"><a href=\"https:\/\/www.fiertelitteraire.ca\/en\/edition\/2022\/grand-effeuillage-litteraire-2022\/\">Grand effeuillage litt\u00e9raire<\/a><\/blockquote><iframe sandbox=\"allow-scripts\" security=\"restricted\" src=\"https:\/\/www.fiertelitteraire.ca\/en\/edition\/2022\/grand-effeuillage-litteraire-2022\/embed\/#?secret=F9T6cYRf6G\" width=\"600\" height=\"338\" title=\"&#8220;Grand effeuillage litt\u00e9raire&#8221; &#8212; Fiert\u00e9 litt\u00e9raire\" data-secret=\"F9T6cYRf6G\" frameborder=\"0\" marginwidth=\"0\" marginheight=\"0\" scrolling=\"no\" class=\"wp-embedded-content\"><\/iframe><script>\n\/*! This file is auto-generated *\/\n!function(d,l){\"use strict\";l.querySelector&&d.addEventListener&&\"undefined\"!=typeof URL&&(d.wp=d.wp||{},d.wp.receiveEmbedMessage||(d.wp.receiveEmbedMessage=function(e){var t=e.data;if((t||t.secret||t.message||t.value)&&!\/[^a-zA-Z0-9]\/.test(t.secret)){for(var s,r,n,a=l.querySelectorAll('iframe[data-secret=\"'+t.secret+'\"]'),o=l.querySelectorAll('blockquote[data-secret=\"'+t.secret+'\"]'),c=new RegExp(\"^https?:$\",\"i\"),i=0;i<o.length;i++)o[i].style.display=\"none\";for(i=0;i<a.length;i++)s=a[i],e.source===s.contentWindow&&(s.removeAttribute(\"style\"),\"height\"===t.message?(1e3<(r=parseInt(t.value,10))?r=1e3:~~r<200&&(r=200),s.height=r):\"link\"===t.message&&(r=new URL(s.getAttribute(\"src\")),n=new URL(t.value),c.test(n.protocol))&&n.host===r.host&&l.activeElement===s&&(d.top.location.href=t.value))}},d.addEventListener(\"message\",d.wp.receiveEmbedMessage,!1),l.addEventListener(\"DOMContentLoaded\",function(){for(var e,t,s=l.querySelectorAll(\"iframe.wp-embedded-content\"),r=0;r<s.length;r++)(t=(e=s[r]).getAttribute(\"data-secret\"))||(t=Math.random().toString(36).substring(2,12),e.src+=\"#?secret=\"+t,e.setAttribute(\"data-secret\",t)),e.contentWindow.postMessage({message:\"ready\",secret:t},\"*\")},!1)))}(window,document);\n\/\/# sourceURL=https:\/\/www.fiertelitteraire.ca\/wp-includes\/js\/wp-embed.min.js\n<\/script>","description":"Dans un espace s\u00e9curitaire, on exp\u00e9rimente la litt\u00e9rature simplement. Elle est mise \u00e0 nu. Des auteurs, autrices et auteurices ainsi des artistes de la sc\u00e8ne se livrent dans toute leur vuln\u00e9rabilit\u00e9, n\u2019ayant que leurs mots pour les couvrir. Leurs corps leur sert de canevas pour exprimer leur art. Cet \u00e9v\u00e8nement s\u2019inspire des traditions anglosaxonnes du [&hellip;]"}