{"version":"1.0","provider_name":"Fiert\u00e9 litt\u00e9raire","provider_url":"https:\/\/www.fiertelitteraire.ca\/en","author_name":"Fiert\u00e9 litt\u00e9raire","author_url":"https:\/\/www.fiertelitteraire.ca\/en\/blog\/author\/admin\/","title":"Le combat aux mots - Fiert\u00e9 litt\u00e9raire","type":"rich","width":600,"height":338,"html":"<blockquote class=\"wp-embedded-content\" data-secret=\"uIorGtjmJW\"><a href=\"https:\/\/www.fiertelitteraire.ca\/en\/edition\/2020\/le-combat-aux-mots-2020\/\">Le combat aux mots<\/a><\/blockquote><iframe sandbox=\"allow-scripts\" security=\"restricted\" src=\"https:\/\/www.fiertelitteraire.ca\/en\/edition\/2020\/le-combat-aux-mots-2020\/embed\/#?secret=uIorGtjmJW\" width=\"600\" height=\"338\" title=\"&#8220;Le combat aux mots&#8221; &#8212; Fiert\u00e9 litt\u00e9raire\" data-secret=\"uIorGtjmJW\" frameborder=\"0\" marginwidth=\"0\" marginheight=\"0\" scrolling=\"no\" class=\"wp-embedded-content\"><\/iframe><script>\n\/*! This file is auto-generated *\/\n!function(d,l){\"use strict\";l.querySelector&&d.addEventListener&&\"undefined\"!=typeof URL&&(d.wp=d.wp||{},d.wp.receiveEmbedMessage||(d.wp.receiveEmbedMessage=function(e){var t=e.data;if((t||t.secret||t.message||t.value)&&!\/[^a-zA-Z0-9]\/.test(t.secret)){for(var s,r,n,a=l.querySelectorAll('iframe[data-secret=\"'+t.secret+'\"]'),o=l.querySelectorAll('blockquote[data-secret=\"'+t.secret+'\"]'),c=new RegExp(\"^https?:$\",\"i\"),i=0;i<o.length;i++)o[i].style.display=\"none\";for(i=0;i<a.length;i++)s=a[i],e.source===s.contentWindow&&(s.removeAttribute(\"style\"),\"height\"===t.message?(1e3<(r=parseInt(t.value,10))?r=1e3:~~r<200&&(r=200),s.height=r):\"link\"===t.message&&(r=new URL(s.getAttribute(\"src\")),n=new URL(t.value),c.test(n.protocol))&&n.host===r.host&&l.activeElement===s&&(d.top.location.href=t.value))}},d.addEventListener(\"message\",d.wp.receiveEmbedMessage,!1),l.addEventListener(\"DOMContentLoaded\",function(){for(var e,t,s=l.querySelectorAll(\"iframe.wp-embedded-content\"),r=0;r<s.length;r++)(t=(e=s[r]).getAttribute(\"data-secret\"))||(t=Math.random().toString(36).substring(2,12),e.src+=\"#?secret=\"+t,e.setAttribute(\"data-secret\",t)),e.contentWindow.postMessage({message:\"ready\",secret:t},\"*\")},!1)))}(window,document);\n\/\/# sourceURL=https:\/\/www.fiertelitteraire.ca\/wp-includes\/js\/wp-embed.min.js\n<\/script>","description":"R\u00e9sum\u00e9 de l\u2019\u00e9v\u00e8nement tir\u00e9 du\u00a0blog de Denis-Martin Chabot Cet \u00e9v\u00e9nement phare de Fiert\u00e9 litt\u00e9raire s\u2019inspire du Combat des livres de Radio-Canada Premi\u00e8re. Depuis cinq ans, quatre personnalit\u00e9s de la diversit\u00e9 sexuelle et d\u2019identit\u00e9s de genre d\u00e9fendent chacune un titre \u00e9crit par un auteur, autrice ou auteurice de cette m\u00eame diversit\u00e9. Cette ann\u00e9e, le com\u00e9dien Steve [&hellip;]"}